{"id":1382,"date":"2017-03-10T09:28:04","date_gmt":"2017-03-10T09:28:04","guid":{"rendered":"https:\/\/news.ubbcluj.ro\/ge\/?post_type=tribe_events&#038;p=1382"},"modified":"2017-03-10T09:31:48","modified_gmt":"2017-03-10T09:31:48","slug":"das-postgraduate-programm-fur-offentliche-beschaffungen-konzessionen-offentlich-private-partnerschaften-eroffnet-an-der-fakultat-fur-politik-verwaltungs-und-kommunikationswissenschaften","status":"publish","type":"tribe_events","link":"https:\/\/news.ubbcluj.ro\/ge\/event\/das-postgraduate-programm-fur-offentliche-beschaffungen-konzessionen-offentlich-private-partnerschaften-eroffnet-an-der-fakultat-fur-politik-verwaltungs-und-kommunikationswissenschaften\/","title":{"rendered":"Das Postgraduate-Programm f\u00fcr \u00f6ffentliche Beschaffungen, Konzessionen, \u00f6ffentlich-private Partnerschaften, er\u00f6ffnet an der Fakult\u00e4t f\u00fcr Politik-, Verwaltungs- und Kommunikationswissenschaften"},"content":{"rendered":"<p>Die Fakult\u00e4t f\u00fcr Politik- Verwaltungs- und Kommunikationswissenschaften der Babe\u015f-Bolyai-Universit\u00e4t er\u00f6ffnet am <strong>24. Februar<\/strong>, <strong>15 Uhr<\/strong>, im <strong>Saal T1<\/strong> des Geb\u00e4udes <strong>FSPAC 2<\/strong> (Minerilor-Str. Nr.85) er\u00f6ffnet das Postgraduate-Programm f\u00fcr \u00d6ffentliche Beschaffungen, Konzessionen, \u00d6ffentlich-Private Partnerschaften.<\/p>\n<p>Dieses Programm wird durch das Zentrum f\u00fcr Governance-Studien an derselben Fakult\u00e4t, in Partnerschaft mit der Nationalen Agentur f\u00fcr \u00d6ffentliche Beschaffungen, dem Nationalen Rat f\u00fcr die Schlichtung der Einspr\u00fcche, dem Department f\u00fcr Betrugsbek\u00e4mpfung, Freedom House Romania und Expert Forum getragen.<\/p>\n<p>Das Programm umfasst Kurse, veranstaltet von Experten im Bereich der \u00d6ffentlichen Beschaffungen aus dem akademischen Bereich, von Fachleuten dieses Bereiches aus den Reihen der Nationalen Agentur f\u00fcr \u00d6ffentliche Beschaffungen, des Departments f\u00fcr Betrugsbek\u00e4mpfung, des Nationalen Rates f\u00fcr Schlichtung der Einspr\u00fcche, sowie von Richtern aus dem Bereich des Verwaltungsrechts mit einer breiten Erfahrung in dieser Materie, sowie von eingeladenen Fachleuten aus diesen Bereichen aus dem In- und Ausland.<\/p>\n<p>Die Teilnehmer\/innen werden Zugang zu Fallstudien und Artikeln aus dem Bereich der \u00f6ffentlichen Beschaffungen und dessen Nebenbereichen erhalten.<\/p>\n<p>Bei der offiziellen Er\u00f6ffnung des Programms werden der Vorsitzende der Nationalen Agentur f\u00fcr \u00d6ffentliche Beschaffungen \u2013 Bogdan Pu\u0219ca\u0219, der Vertreter der Regelungsbeh\u00f6rde der ANAP \u2013 Eduard Badea, der Vorsitzende der Nationalen Agentur f\u00fcr die Schlichtung der Einspr\u00fcche \u2013 Silviu Popa, der Vizerektor der BBU \u2013 Univ. Prof. Dr. Dan Laz\u0103r, der Dekan der Fakult\u00e4t, Univ. Prof. Dr. C\u0103lin Emilian Hin\u021bea und der Leiter des Postgraduate-Programms, Univ. Prof. Dr. Dacian C. Drago\u0219.<\/p>\n","protected":false},"excerpt":{"rendered":"<p>Die Fakult\u00e4t f\u00fcr Politik- Verwaltungs- und Kommunikationswissenschaften der Babe\u015f-Bolyai-Universit\u00e4t er\u00f6ffnet am 24. Februar, 15 Uhr, im Saal T1 des Geb\u00e4udes FSPAC 2 (Minerilor-Str. Nr.85) er\u00f6ffnet das Postgraduate-Programm f\u00fcr \u00d6ffentliche Beschaffungen, Konzessionen, \u00d6ffentlich-Private Partnerschaften. Dieses Programm wird durch das Zentrum f\u00fcr &hellip;<\/p>\n<p class=\"read-more\"> <a class=\"more-link\" href=\"https:\/\/news.ubbcluj.ro\/ge\/event\/das-postgraduate-programm-fur-offentliche-beschaffungen-konzessionen-offentlich-private-partnerschaften-eroffnet-an-der-fakultat-fur-politik-verwaltungs-und-kommunikationswissenschaften\/\"> <span class=\"screen-reader-text\">Das Postgraduate-Programm f\u00fcr \u00f6ffentliche Beschaffungen, Konzessionen, \u00f6ffentlich-private Partnerschaften, er\u00f6ffnet an der Fakult\u00e4t f\u00fcr Politik-, Verwaltungs- und Kommunikationswissenschaften<\/span> Read More &raquo;<\/a><\/p>\n","protected":false},"author":13,"featured_media":1383,"comment_status":"closed","ping_status":"closed","template":"","meta":{"_tribe_events_status":"","_tribe_events_status_reason":""},"tags":[],"tribe_events_cat":[14,148],"yoast_head":"<!-- This site is optimized with the Yoast SEO plugin v21.9.1 - https:\/\/yoast.com\/wordpress\/plugins\/seo\/ -->\n<title>Das Postgraduate-Programm f\u00fcr \u00f6ffentliche Beschaffungen, Konzessionen, \u00f6ffentlich-private Partnerschaften, er\u00f6ffnet an der Fakult\u00e4t f\u00fcr Politik-, Verwaltungs- und Kommunikationswissenschaften - BBUNEWS<\/title>\n<meta name=\"robots\" content=\"index, follow, max-snippet:-1, max-image-preview:large, max-video-preview:-1\" \/>\n<link rel=\"canonical\" href=\"https:\/\/news.ubbcluj.ro\/ge\/event\/das-postgraduate-programm-fur-offentliche-beschaffungen-konzessionen-offentlich-private-partnerschaften-eroffnet-an-der-fakultat-fur-politik-verwaltungs-und-kommunikationswissenschaften\/\" \/>\n<meta property=\"og:locale\" content=\"en_US\" \/>\n<meta property=\"og:type\" content=\"article\" \/>\n<meta property=\"og:title\" content=\"Das Postgraduate-Programm f\u00fcr \u00f6ffentliche Beschaffungen, Konzessionen, \u00f6ffentlich-private Partnerschaften, er\u00f6ffnet an der Fakult\u00e4t f\u00fcr Politik-, Verwaltungs- und Kommunikationswissenschaften - BBUNEWS\" \/>\n<meta property=\"og:description\" content=\"Die Fakult\u00e4t f\u00fcr Politik- Verwaltungs- und Kommunikationswissenschaften der Babe\u015f-Bolyai-Universit\u00e4t er\u00f6ffnet am 24. Februar, 15 Uhr, im Saal T1 des Geb\u00e4udes FSPAC 2 (Minerilor-Str. Nr.85) er\u00f6ffnet das Postgraduate-Programm f\u00fcr \u00d6ffentliche Beschaffungen, Konzessionen, \u00d6ffentlich-Private Partnerschaften. Dieses Programm wird durch das Zentrum f\u00fcr &hellip; Das Postgraduate-Programm f\u00fcr \u00f6ffentliche Beschaffungen, Konzessionen, \u00f6ffentlich-private Partnerschaften, er\u00f6ffnet an der Fakult\u00e4t f\u00fcr Politik-, Verwaltungs- und Kommunikationswissenschaften Read More &raquo;\" \/>\n<meta property=\"og:url\" content=\"https:\/\/news.ubbcluj.ro\/ge\/event\/das-postgraduate-programm-fur-offentliche-beschaffungen-konzessionen-offentlich-private-partnerschaften-eroffnet-an-der-fakultat-fur-politik-verwaltungs-und-kommunikationswissenschaften\/\" \/>\n<meta property=\"og:site_name\" content=\"BBUNEWS\" \/>\n<meta property=\"article:modified_time\" content=\"2017-03-10T09:31:48+00:00\" \/>\n<meta property=\"og:image\" content=\"https:\/\/news.ubbcluj.ro\/ge\/wp-content\/uploads\/2017\/03\/1.1-200x200.jpg\" \/>\n\t<meta property=\"og:image:width\" content=\"200\" \/>\n\t<meta property=\"og:image:height\" content=\"200\" \/>\n\t<meta property=\"og:image:type\" content=\"image\/jpeg\" \/>\n<meta name=\"twitter:card\" content=\"summary_large_image\" \/>\n<meta name=\"twitter:label1\" content=\"Est. reading time\" \/>\n\t<meta name=\"twitter:data1\" content=\"1 minute\" \/>\n<script type=\"application\/ld+json\" class=\"yoast-schema-graph\">{\"@context\":\"https:\/\/schema.org\",\"@graph\":[{\"@type\":\"WebPage\",\"@id\":\"https:\/\/news.ubbcluj.ro\/ge\/event\/das-postgraduate-programm-fur-offentliche-beschaffungen-konzessionen-offentlich-private-partnerschaften-eroffnet-an-der-fakultat-fur-politik-verwaltungs-und-kommunikationswissenschaften\/\",\"url\":\"https:\/\/news.ubbcluj.ro\/ge\/event\/das-postgraduate-programm-fur-offentliche-beschaffungen-konzessionen-offentlich-private-partnerschaften-eroffnet-an-der-fakultat-fur-politik-verwaltungs-und-kommunikationswissenschaften\/\",\"name\":\"Das Postgraduate-Programm f\u00fcr \u00f6ffentliche Beschaffungen, Konzessionen, \u00f6ffentlich-private Partnerschaften, er\u00f6ffnet an der Fakult\u00e4t f\u00fcr Politik-, Verwaltungs- und Kommunikationswissenschaften - BBUNEWS\",\"isPartOf\":{\"@id\":\"https:\/\/news.ubbcluj.ro\/ge\/#website\"},\"datePublished\":\"2017-03-10T09:28:04+00:00\",\"dateModified\":\"2017-03-10T09:31:48+00:00\",\"breadcrumb\":{\"@id\":\"https:\/\/news.ubbcluj.ro\/ge\/event\/das-postgraduate-programm-fur-offentliche-beschaffungen-konzessionen-offentlich-private-partnerschaften-eroffnet-an-der-fakultat-fur-politik-verwaltungs-und-kommunikationswissenschaften\/#breadcrumb\"},\"inLanguage\":\"en-US\",\"potentialAction\":[{\"@type\":\"ReadAction\",\"target\":[\"https:\/\/news.ubbcluj.ro\/ge\/event\/das-postgraduate-programm-fur-offentliche-beschaffungen-konzessionen-offentlich-private-partnerschaften-eroffnet-an-der-fakultat-fur-politik-verwaltungs-und-kommunikationswissenschaften\/\"]}]},{\"@type\":\"BreadcrumbList\",\"@id\":\"https:\/\/news.ubbcluj.ro\/ge\/event\/das-postgraduate-programm-fur-offentliche-beschaffungen-konzessionen-offentlich-private-partnerschaften-eroffnet-an-der-fakultat-fur-politik-verwaltungs-und-kommunikationswissenschaften\/#breadcrumb\",\"itemListElement\":[{\"@type\":\"ListItem\",\"position\":1,\"name\":\"Home\",\"item\":\"https:\/\/news.ubbcluj.ro\/ge\/\"},{\"@type\":\"ListItem\",\"position\":2,\"name\":\"Events\",\"item\":\"https:\/\/news.ubbcluj.ro\/ge\/events\/\"},{\"@type\":\"ListItem\",\"position\":3,\"name\":\"Das Postgraduate-Programm f\u00fcr \u00f6ffentliche Beschaffungen, Konzessionen, \u00f6ffentlich-private Partnerschaften, er\u00f6ffnet an der Fakult\u00e4t f\u00fcr Politik-, Verwaltungs- und Kommunikationswissenschaften\"}]},{\"@type\":\"WebSite\",\"@id\":\"https:\/\/news.ubbcluj.ro\/ge\/#website\",\"url\":\"https:\/\/news.ubbcluj.ro\/ge\/\",\"name\":\"BBUNEWS\",\"description\":\"Neuigkeiten &amp; Veranstaltungen der BBU\",\"publisher\":{\"@id\":\"https:\/\/news.ubbcluj.ro\/ge\/#organization\"},\"potentialAction\":[{\"@type\":\"SearchAction\",\"target\":{\"@type\":\"EntryPoint\",\"urlTemplate\":\"https:\/\/news.ubbcluj.ro\/ge\/?s={search_term_string}\"},\"query-input\":\"required name=search_term_string\"}],\"inLanguage\":\"en-US\"},{\"@type\":\"Organization\",\"@id\":\"https:\/\/news.ubbcluj.ro\/ge\/#organization\",\"name\":\"BBUNEWS\",\"url\":\"https:\/\/news.ubbcluj.ro\/ge\/\",\"logo\":{\"@type\":\"ImageObject\",\"inLanguage\":\"en-US\",\"@id\":\"https:\/\/news.ubbcluj.ro\/ge\/#\/schema\/logo\/image\/\",\"url\":\"https:\/\/news.ubbcluj.ro\/ge\/wp-content\/uploads\/2018\/06\/b6ba9f_63e01851b6664086b343aeeff55d7542-mv2.png\",\"contentUrl\":\"https:\/\/news.ubbcluj.ro\/ge\/wp-content\/uploads\/2018\/06\/b6ba9f_63e01851b6664086b343aeeff55d7542-mv2.png\",\"width\":133,\"height\":93,\"caption\":\"BBUNEWS\"},\"image\":{\"@id\":\"https:\/\/news.ubbcluj.ro\/ge\/#\/schema\/logo\/image\/\"}}]}<\/script>\n<!-- \/ Yoast SEO plugin. -->","yoast_head_json":{"title":"Das Postgraduate-Programm f\u00fcr \u00f6ffentliche Beschaffungen, Konzessionen, \u00f6ffentlich-private Partnerschaften, er\u00f6ffnet an der Fakult\u00e4t f\u00fcr Politik-, Verwaltungs- und Kommunikationswissenschaften - BBUNEWS","robots":{"index":"index","follow":"follow","max-snippet":"max-snippet:-1","max-image-preview":"max-image-preview:large","max-video-preview":"max-video-preview:-1"},"canonical":"https:\/\/news.ubbcluj.ro\/ge\/event\/das-postgraduate-programm-fur-offentliche-beschaffungen-konzessionen-offentlich-private-partnerschaften-eroffnet-an-der-fakultat-fur-politik-verwaltungs-und-kommunikationswissenschaften\/","og_locale":"en_US","og_type":"article","og_title":"Das Postgraduate-Programm f\u00fcr \u00f6ffentliche Beschaffungen, Konzessionen, \u00f6ffentlich-private Partnerschaften, er\u00f6ffnet an der Fakult\u00e4t f\u00fcr Politik-, Verwaltungs- und Kommunikationswissenschaften - BBUNEWS","og_description":"Die Fakult\u00e4t f\u00fcr Politik- Verwaltungs- und Kommunikationswissenschaften der Babe\u015f-Bolyai-Universit\u00e4t er\u00f6ffnet am 24. Februar, 15 Uhr, im Saal T1 des Geb\u00e4udes FSPAC 2 (Minerilor-Str. Nr.85) er\u00f6ffnet das Postgraduate-Programm f\u00fcr \u00d6ffentliche Beschaffungen, Konzessionen, \u00d6ffentlich-Private Partnerschaften. Dieses Programm wird durch das Zentrum f\u00fcr &hellip; Das Postgraduate-Programm f\u00fcr \u00f6ffentliche Beschaffungen, Konzessionen, \u00f6ffentlich-private Partnerschaften, er\u00f6ffnet an der Fakult\u00e4t f\u00fcr Politik-, Verwaltungs- und Kommunikationswissenschaften Read More &raquo;","og_url":"https:\/\/news.ubbcluj.ro\/ge\/event\/das-postgraduate-programm-fur-offentliche-beschaffungen-konzessionen-offentlich-private-partnerschaften-eroffnet-an-der-fakultat-fur-politik-verwaltungs-und-kommunikationswissenschaften\/","og_site_name":"BBUNEWS","article_modified_time":"2017-03-10T09:31:48+00:00","og_image":[{"width":200,"height":200,"url":"https:\/\/news.ubbcluj.ro\/ge\/wp-content\/uploads\/2017\/03\/1.1-200x200.jpg","type":"image\/jpeg"}],"twitter_card":"summary_large_image","twitter_misc":{"Est. reading time":"1 minute"},"schema":{"@context":"https:\/\/schema.org","@graph":[{"@type":"WebPage","@id":"https:\/\/news.ubbcluj.ro\/ge\/event\/das-postgraduate-programm-fur-offentliche-beschaffungen-konzessionen-offentlich-private-partnerschaften-eroffnet-an-der-fakultat-fur-politik-verwaltungs-und-kommunikationswissenschaften\/","url":"https:\/\/news.ubbcluj.ro\/ge\/event\/das-postgraduate-programm-fur-offentliche-beschaffungen-konzessionen-offentlich-private-partnerschaften-eroffnet-an-der-fakultat-fur-politik-verwaltungs-und-kommunikationswissenschaften\/","name":"Das Postgraduate-Programm f\u00fcr \u00f6ffentliche Beschaffungen, Konzessionen, \u00f6ffentlich-private Partnerschaften, er\u00f6ffnet an der Fakult\u00e4t f\u00fcr Politik-, Verwaltungs- und Kommunikationswissenschaften - BBUNEWS","isPartOf":{"@id":"https:\/\/news.ubbcluj.ro\/ge\/#website"},"datePublished":"2017-03-10T09:28:04+00:00","dateModified":"2017-03-10T09:31:48+00:00","breadcrumb":{"@id":"https:\/\/news.ubbcluj.ro\/ge\/event\/das-postgraduate-programm-fur-offentliche-beschaffungen-konzessionen-offentlich-private-partnerschaften-eroffnet-an-der-fakultat-fur-politik-verwaltungs-und-kommunikationswissenschaften\/#breadcrumb"},"inLanguage":"en-US","potentialAction":[{"@type":"ReadAction","target":["https:\/\/news.ubbcluj.ro\/ge\/event\/das-postgraduate-programm-fur-offentliche-beschaffungen-konzessionen-offentlich-private-partnerschaften-eroffnet-an-der-fakultat-fur-politik-verwaltungs-und-kommunikationswissenschaften\/"]}]},{"@type":"BreadcrumbList","@id":"https:\/\/news.ubbcluj.ro\/ge\/event\/das-postgraduate-programm-fur-offentliche-beschaffungen-konzessionen-offentlich-private-partnerschaften-eroffnet-an-der-fakultat-fur-politik-verwaltungs-und-kommunikationswissenschaften\/#breadcrumb","itemListElement":[{"@type":"ListItem","position":1,"name":"Home","item":"https:\/\/news.ubbcluj.ro\/ge\/"},{"@type":"ListItem","position":2,"name":"Events","item":"https:\/\/news.ubbcluj.ro\/ge\/events\/"},{"@type":"ListItem","position":3,"name":"Das Postgraduate-Programm f\u00fcr \u00f6ffentliche Beschaffungen, Konzessionen, \u00f6ffentlich-private Partnerschaften, er\u00f6ffnet an der Fakult\u00e4t f\u00fcr Politik-, Verwaltungs- und Kommunikationswissenschaften"}]},{"@type":"WebSite","@id":"https:\/\/news.ubbcluj.ro\/ge\/#website","url":"https:\/\/news.ubbcluj.ro\/ge\/","name":"BBUNEWS","description":"Neuigkeiten &amp; Veranstaltungen der BBU","publisher":{"@id":"https:\/\/news.ubbcluj.ro\/ge\/#organization"},"potentialAction":[{"@type":"SearchAction","target":{"@type":"EntryPoint","urlTemplate":"https:\/\/news.ubbcluj.ro\/ge\/?s={search_term_string}"},"query-input":"required name=search_term_string"}],"inLanguage":"en-US"},{"@type":"Organization","@id":"https:\/\/news.ubbcluj.ro\/ge\/#organization","name":"BBUNEWS","url":"https:\/\/news.ubbcluj.ro\/ge\/","logo":{"@type":"ImageObject","inLanguage":"en-US","@id":"https:\/\/news.ubbcluj.ro\/ge\/#\/schema\/logo\/image\/","url":"https:\/\/news.ubbcluj.ro\/ge\/wp-content\/uploads\/2018\/06\/b6ba9f_63e01851b6664086b343aeeff55d7542-mv2.png","contentUrl":"https:\/\/news.ubbcluj.ro\/ge\/wp-content\/uploads\/2018\/06\/b6ba9f_63e01851b6664086b343aeeff55d7542-mv2.png","width":133,"height":93,"caption":"BBUNEWS"},"image":{"@id":"https:\/\/news.ubbcluj.ro\/ge\/#\/schema\/logo\/image\/"}}]}},"_links":{"self":[{"href":"https:\/\/news.ubbcluj.ro\/ge\/wp-json\/wp\/v2\/tribe_events\/1382"}],"collection":[{"href":"https:\/\/news.ubbcluj.ro\/ge\/wp-json\/wp\/v2\/tribe_events"}],"about":[{"href":"https:\/\/news.ubbcluj.ro\/ge\/wp-json\/wp\/v2\/types\/tribe_events"}],"author":[{"embeddable":true,"href":"https:\/\/news.ubbcluj.ro\/ge\/wp-json\/wp\/v2\/users\/13"}],"replies":[{"embeddable":true,"href":"https:\/\/news.ubbcluj.ro\/ge\/wp-json\/wp\/v2\/comments?post=1382"}],"version-history":[{"count":3,"href":"https:\/\/news.ubbcluj.ro\/ge\/wp-json\/wp\/v2\/tribe_events\/1382\/revisions"}],"predecessor-version":[{"id":1390,"href":"https:\/\/news.ubbcluj.ro\/ge\/wp-json\/wp\/v2\/tribe_events\/1382\/revisions\/1390"}],"wp:featuredmedia":[{"embeddable":true,"href":"https:\/\/news.ubbcluj.ro\/ge\/wp-json\/wp\/v2\/media\/1383"}],"wp:attachment":[{"href":"https:\/\/news.ubbcluj.ro\/ge\/wp-json\/wp\/v2\/media?parent=1382"}],"wp:term":[{"taxonomy":"post_tag","embeddable":true,"href":"https:\/\/news.ubbcluj.ro\/ge\/wp-json\/wp\/v2\/tags?post=1382"},{"taxonomy":"tribe_events_cat","embeddable":true,"href":"https:\/\/news.ubbcluj.ro\/ge\/wp-json\/wp\/v2\/tribe_events_cat?post=1382"}],"curies":[{"name":"wp","href":"https:\/\/api.w.org\/{rel}","templated":true}]}}