{"id":1650,"date":"2017-10-24T09:50:49","date_gmt":"2017-10-24T06:50:49","guid":{"rendered":"https:\/\/news.ubbcluj.ro\/hu\/?post_type=tribe_events&#038;p=1650"},"modified":"2017-10-25T13:17:45","modified_gmt":"2017-10-25T10:17:45","slug":"eloadastechnika-kepzes-hogyan-legyunk-jo-eloadok-2","status":"publish","type":"tribe_events","link":"https:\/\/news.ubbcluj.ro\/hu\/event\/eloadastechnika-kepzes-hogyan-legyunk-jo-eloadok-2\/","title":{"rendered":"EL\u0150AD\u00c1STECHNIKA-K\u00c9PZ\u00c9S: HOGYAN LEGY\u00dcNK J\u00d3 EL\u0150AD\u00d3K?"},"content":{"rendered":"<p>A Babe\u0219\u2013Bolyai Tudom\u00e1nyegyetem Magyar Tagozat\u00e1nak vezet\u0151s\u00e9ge k\u00e9tmodulos el\u0151ad\u00e1stechnika k\u00e9pz\u00e9st szervez az egyetemen magyarul tanul\u00f3 hallgat\u00f3k sz\u00e1m\u00e1ra.<br \/>\nTematik\u00e1k: hogyan k\u00e9sz\u00fclj\u00fcnk fel a prezent\u00e1ci\u00f3ra, milyen egy j\u00f3 el\u0151ad\u00e1s fel\u00e9p\u00edt\u00e9se, a hallgat\u00f3s\u00e1g aktiviz\u00e1l\u00e1sa stb.<\/p>\n<p><strong>K\u00e9pz\u0151k:<\/strong><\/p>\n<p><strong>BENEDEK ISTV\u00c1N<br \/>\n<\/strong>A BBTE Kommunik\u00e1ci\u00f3, K\u00f6zkapcsolatok \u00e9s Rekl\u00e1m Int\u00e9zet tan\u00e1rseg\u00e9dje. A Terra Nova K\u00e9pz\u00e9si \u00e9s Kommunik\u00e1ci\u00f3s K\u00f6zpont munkat\u00e1rsak\u00e9nt 2013 \u00f3ta k\u00e9pz\u0151k\u00e9nt \u00e9s strat\u00e9giai tervez\u0151k\u00e9nt dolgozik c\u00e9gek \u00e9s \u00f6nkorm\u00e1nyzatok sz\u00e1m\u00e1ra. 2017 \u00f3ta pedig a BBTE Mentor Klub tehets\u00e9ggondoz\u00f3 program koordin\u00e1tora.<\/p>\n<p><strong>K\u00c1D\u00c1R MAGOR<br \/>\n<\/strong>A BBTE Kommunik\u00e1ci\u00f3, K\u00f6zkapcsolatok \u00e9s Rekl\u00e1m Int\u00e9zet egyetemi docense. Emellett 2004 \u00f3ta a Terra Nova K\u00e9pz\u00e9si \u00e9s Kommunik\u00e1ci\u00f3s K\u00f6zpont \u00fcgyvezet\u0151je, ahol tr\u00e9nerk\u00e9nt kommunik\u00e1ci\u00f3s k\u00e9pz\u00e9sekkel \u00e9s tan\u00e1csad\u00e1ssal foglalkozik c\u00e9gek, non-profit szervezetek, projektek, \u00f6nkorm\u00e1nyzatok \u00e9s k\u00f6z\u00e9leti szerepl\u0151k sz\u00e1m\u00e1ra.<\/p>\n<p><strong>KRIPP\u00c1N KINGA<br \/>\n<\/strong>A kolozsv\u00e1ri Paprika R\u00e1di\u00f3 munkat\u00e1rsa. A m\u0171sorvezet\u00e9s mellett c\u00e9gek \u00e9s di\u00e1kszervezetek sz\u00e1m\u00e1ra tart kommunik\u00e1ci\u00f3s k\u00e9pz\u00e9seket. Doktori tanulm\u00e1nyait 2016-ban kezdte a Kommunik\u00e1ci\u00f3tudom\u00e1nyok ter\u00fclet\u00e9n. A BBTE Kommunik\u00e1ci\u00f3, K\u00f6zkapcsolatok \u00e9s Rekl\u00e1m Int\u00e9zet \u00f3raad\u00f3ja.<\/p>\n<p>A legjobb el\u0151ad\u00f3k a\u00a0<strong>2018. m\u00e1rcius 23\u201324-\u00e9n<\/strong>, a k\u00e9pz\u00e9s sorozat harmadik fordul\u00f3jak\u00e9nt sorra ker\u00fcl\u0151\u00a0<em>Interdiszciplin\u00e1ris tehets\u00e9gf\u00f3rumon<\/em>\u00a0jutalomban r\u00e9szes\u00fclnek!<\/p>\n<p><strong>Jelentkez\u00e9s\u00a0<\/strong>\u00e9s tov\u00e1bbi r\u00e9szletek:\u00a0<a href=\"http:\/\/atom.ubbcluj.ro\/eloadastechnika\/\" target=\"_blank\" rel=\"noopener\">http:\/\/atom.ubbcluj.ro\/eloadastechnika\/<br \/>\n<\/a><\/p>\n<p>&nbsp;<\/p>\n<p><a href=\"https:\/\/news.ubbcluj.ro\/hu\/wp-content\/uploads\/2017\/10\/komm.kep-3-02.png\" data-rel=\"lightbox-gallery-G8ss0uaV\" data-rl_title=\"\" data-rl_caption=\"\" title=\"\"><img loading=\"lazy\" decoding=\"async\" class=\"aligncenter size-large wp-image-1660\" src=\"https:\/\/news.ubbcluj.ro\/hu\/wp-content\/uploads\/2017\/10\/komm.kep-3-02-724x1024.png\" alt=\"\" width=\"605\" height=\"856\" data-id=\"1660\" srcset=\"https:\/\/news.ubbcluj.ro\/hu\/wp-content\/uploads\/2017\/10\/komm.kep-3-02-724x1024.png 724w, https:\/\/news.ubbcluj.ro\/hu\/wp-content\/uploads\/2017\/10\/komm.kep-3-02-212x300.png 212w, https:\/\/news.ubbcluj.ro\/hu\/wp-content\/uploads\/2017\/10\/komm.kep-3-02-768x1086.png 768w, https:\/\/news.ubbcluj.ro\/hu\/wp-content\/uploads\/2017\/10\/komm.kep-3-02-100x141.png 100w, https:\/\/news.ubbcluj.ro\/hu\/wp-content\/uploads\/2017\/10\/komm.kep-3-02-150x212.png 150w, https:\/\/news.ubbcluj.ro\/hu\/wp-content\/uploads\/2017\/10\/komm.kep-3-02-200x283.png 200w, https:\/\/news.ubbcluj.ro\/hu\/wp-content\/uploads\/2017\/10\/komm.kep-3-02-300x424.png 300w, https:\/\/news.ubbcluj.ro\/hu\/wp-content\/uploads\/2017\/10\/komm.kep-3-02-450x636.png 450w, https:\/\/news.ubbcluj.ro\/hu\/wp-content\/uploads\/2017\/10\/komm.kep-3-02-600x848.png 600w, https:\/\/news.ubbcluj.ro\/hu\/wp-content\/uploads\/2017\/10\/komm.kep-3-02.png 844w\" sizes=\"(max-width: 605px) 100vw, 605px\" \/><\/a><\/p>\n","protected":false},"excerpt":{"rendered":"<p>A Babe\u0219\u2013Bolyai Tudom\u00e1nyegyetem Magyar Tagozat\u00e1nak vezet\u0151s\u00e9ge k\u00e9tmodulos el\u0151ad\u00e1stechnika k\u00e9pz\u00e9st szervez az egyetemen magyarul tanul\u00f3 hallgat\u00f3k sz\u00e1m\u00e1ra. Tematik\u00e1k: hogyan k\u00e9sz\u00fclj\u00fcnk fel a prezent\u00e1ci\u00f3ra, milyen egy j\u00f3 el\u0151ad\u00e1s fel\u00e9p\u00edt\u00e9se, a hallgat\u00f3s\u00e1g aktiviz\u00e1l\u00e1sa stb. K\u00e9pz\u0151k: BENEDEK ISTV\u00c1N A BBTE Kommunik\u00e1ci\u00f3, K\u00f6zkapcsolatok \u00e9s Rekl\u00e1m &hellip;<\/p>\n<p class=\"read-more\"> <a class=\"more-link\" href=\"https:\/\/news.ubbcluj.ro\/hu\/event\/eloadastechnika-kepzes-hogyan-legyunk-jo-eloadok-2\/\"> <span class=\"screen-reader-text\">EL\u0150AD\u00c1STECHNIKA-K\u00c9PZ\u00c9S: HOGYAN LEGY\u00dcNK J\u00d3 EL\u0150AD\u00d3K?<\/span> Tov\u00e1bb &raquo;<\/a><\/p>\n","protected":false},"author":8,"featured_media":1647,"comment_status":"closed","ping_status":"closed","template":"","meta":{"_tribe_events_status":"","_tribe_events_status_reason":""},"tags":[],"tribe_events_cat":[14,18],"yoast_head":"<!-- This site is optimized with the Yoast SEO plugin v21.9.1 - https:\/\/yoast.com\/wordpress\/plugins\/seo\/ -->\n<title>EL\u0150AD\u00c1STECHNIKA-K\u00c9PZ\u00c9S: HOGYAN LEGY\u00dcNK J\u00d3 EL\u0150AD\u00d3K? - Kommunik\u00e1ci\u00f3 \u00e9s PR iroda<\/title>\n<meta name=\"robots\" content=\"index, follow, max-snippet:-1, max-image-preview:large, max-video-preview:-1\" \/>\n<link rel=\"canonical\" href=\"https:\/\/news.ubbcluj.ro\/hu\/event\/eloadastechnika-kepzes-hogyan-legyunk-jo-eloadok-2\/\" \/>\n<meta property=\"og:locale\" content=\"hu_HU\" \/>\n<meta property=\"og:type\" content=\"article\" \/>\n<meta property=\"og:title\" content=\"EL\u0150AD\u00c1STECHNIKA-K\u00c9PZ\u00c9S: HOGYAN LEGY\u00dcNK J\u00d3 EL\u0150AD\u00d3K? - Kommunik\u00e1ci\u00f3 \u00e9s PR iroda\" \/>\n<meta property=\"og:description\" content=\"A Babe\u0219\u2013Bolyai Tudom\u00e1nyegyetem Magyar Tagozat\u00e1nak vezet\u0151s\u00e9ge k\u00e9tmodulos el\u0151ad\u00e1stechnika k\u00e9pz\u00e9st szervez az egyetemen magyarul tanul\u00f3 hallgat\u00f3k sz\u00e1m\u00e1ra. Tematik\u00e1k: hogyan k\u00e9sz\u00fclj\u00fcnk fel a prezent\u00e1ci\u00f3ra, milyen egy j\u00f3 el\u0151ad\u00e1s fel\u00e9p\u00edt\u00e9se, a hallgat\u00f3s\u00e1g aktiviz\u00e1l\u00e1sa stb. K\u00e9pz\u0151k: BENEDEK ISTV\u00c1N A BBTE Kommunik\u00e1ci\u00f3, K\u00f6zkapcsolatok \u00e9s Rekl\u00e1m &hellip; EL\u0150AD\u00c1STECHNIKA-K\u00c9PZ\u00c9S: HOGYAN LEGY\u00dcNK J\u00d3 EL\u0150AD\u00d3K? Tov\u00e1bb &raquo;\" \/>\n<meta property=\"og:url\" content=\"https:\/\/news.ubbcluj.ro\/hu\/event\/eloadastechnika-kepzes-hogyan-legyunk-jo-eloadok-2\/\" \/>\n<meta property=\"og:site_name\" content=\"Kommunik\u00e1ci\u00f3 \u00e9s PR iroda\" \/>\n<meta property=\"article:modified_time\" content=\"2017-10-25T10:17:45+00:00\" \/>\n<meta property=\"og:image\" content=\"https:\/\/news.ubbcluj.ro\/hu\/wp-content\/uploads\/2017\/10\/facebook_website.png\" \/>\n\t<meta property=\"og:image:width\" content=\"844\" \/>\n\t<meta property=\"og:image:height\" content=\"844\" \/>\n\t<meta property=\"og:image:type\" content=\"image\/png\" \/>\n<meta name=\"twitter:card\" content=\"summary_large_image\" \/>\n<meta name=\"twitter:label1\" content=\"Becs\u00fclt olvas\u00e1si id\u0151\" \/>\n\t<meta name=\"twitter:data1\" content=\"1 perc\" \/>\n<script type=\"application\/ld+json\" class=\"yoast-schema-graph\">{\"@context\":\"https:\/\/schema.org\",\"@graph\":[{\"@type\":\"WebPage\",\"@id\":\"https:\/\/news.ubbcluj.ro\/hu\/event\/eloadastechnika-kepzes-hogyan-legyunk-jo-eloadok-2\/\",\"url\":\"https:\/\/news.ubbcluj.ro\/hu\/event\/eloadastechnika-kepzes-hogyan-legyunk-jo-eloadok-2\/\",\"name\":\"EL\u0150AD\u00c1STECHNIKA-K\u00c9PZ\u00c9S: HOGYAN LEGY\u00dcNK J\u00d3 EL\u0150AD\u00d3K? - Kommunik\u00e1ci\u00f3 \u00e9s PR iroda\",\"isPartOf\":{\"@id\":\"https:\/\/news.ubbcluj.ro\/hu\/#website\"},\"datePublished\":\"2017-10-24T06:50:49+00:00\",\"dateModified\":\"2017-10-25T10:17:45+00:00\",\"breadcrumb\":{\"@id\":\"https:\/\/news.ubbcluj.ro\/hu\/event\/eloadastechnika-kepzes-hogyan-legyunk-jo-eloadok-2\/#breadcrumb\"},\"inLanguage\":\"hu\",\"potentialAction\":[{\"@type\":\"ReadAction\",\"target\":[\"https:\/\/news.ubbcluj.ro\/hu\/event\/eloadastechnika-kepzes-hogyan-legyunk-jo-eloadok-2\/\"]}]},{\"@type\":\"BreadcrumbList\",\"@id\":\"https:\/\/news.ubbcluj.ro\/hu\/event\/eloadastechnika-kepzes-hogyan-legyunk-jo-eloadok-2\/#breadcrumb\",\"itemListElement\":[{\"@type\":\"ListItem\",\"position\":1,\"name\":\"Home\",\"item\":\"https:\/\/news.ubbcluj.ro\/hu\/\"},{\"@type\":\"ListItem\",\"position\":2,\"name\":\"Esem\u00e9nyek\",\"item\":\"https:\/\/news.ubbcluj.ro\/hu\/events\/\"},{\"@type\":\"ListItem\",\"position\":3,\"name\":\"EL\u0150AD\u00c1STECHNIKA-K\u00c9PZ\u00c9S: HOGYAN LEGY\u00dcNK J\u00d3 EL\u0150AD\u00d3K?\"}]},{\"@type\":\"WebSite\",\"@id\":\"https:\/\/news.ubbcluj.ro\/hu\/#website\",\"url\":\"https:\/\/news.ubbcluj.ro\/hu\/\",\"name\":\"Kommunik\u00e1ci\u00f3 \u00e9s PR iroda\",\"description\":\"Babe\u0219-Bolyai Tudom\u00e1negyetem\",\"potentialAction\":[{\"@type\":\"SearchAction\",\"target\":{\"@type\":\"EntryPoint\",\"urlTemplate\":\"https:\/\/news.ubbcluj.ro\/hu\/?s={search_term_string}\"},\"query-input\":\"required name=search_term_string\"}],\"inLanguage\":\"hu\"}]}<\/script>\n<!-- \/ Yoast SEO plugin. -->","yoast_head_json":{"title":"EL\u0150AD\u00c1STECHNIKA-K\u00c9PZ\u00c9S: HOGYAN LEGY\u00dcNK J\u00d3 EL\u0150AD\u00d3K? - Kommunik\u00e1ci\u00f3 \u00e9s PR iroda","robots":{"index":"index","follow":"follow","max-snippet":"max-snippet:-1","max-image-preview":"max-image-preview:large","max-video-preview":"max-video-preview:-1"},"canonical":"https:\/\/news.ubbcluj.ro\/hu\/event\/eloadastechnika-kepzes-hogyan-legyunk-jo-eloadok-2\/","og_locale":"hu_HU","og_type":"article","og_title":"EL\u0150AD\u00c1STECHNIKA-K\u00c9PZ\u00c9S: HOGYAN LEGY\u00dcNK J\u00d3 EL\u0150AD\u00d3K? - Kommunik\u00e1ci\u00f3 \u00e9s PR iroda","og_description":"A Babe\u0219\u2013Bolyai Tudom\u00e1nyegyetem Magyar Tagozat\u00e1nak vezet\u0151s\u00e9ge k\u00e9tmodulos el\u0151ad\u00e1stechnika k\u00e9pz\u00e9st szervez az egyetemen magyarul tanul\u00f3 hallgat\u00f3k sz\u00e1m\u00e1ra. Tematik\u00e1k: hogyan k\u00e9sz\u00fclj\u00fcnk fel a prezent\u00e1ci\u00f3ra, milyen egy j\u00f3 el\u0151ad\u00e1s fel\u00e9p\u00edt\u00e9se, a hallgat\u00f3s\u00e1g aktiviz\u00e1l\u00e1sa stb. K\u00e9pz\u0151k: BENEDEK ISTV\u00c1N A BBTE Kommunik\u00e1ci\u00f3, K\u00f6zkapcsolatok \u00e9s Rekl\u00e1m &hellip; EL\u0150AD\u00c1STECHNIKA-K\u00c9PZ\u00c9S: HOGYAN LEGY\u00dcNK J\u00d3 EL\u0150AD\u00d3K? Tov\u00e1bb &raquo;","og_url":"https:\/\/news.ubbcluj.ro\/hu\/event\/eloadastechnika-kepzes-hogyan-legyunk-jo-eloadok-2\/","og_site_name":"Kommunik\u00e1ci\u00f3 \u00e9s PR iroda","article_modified_time":"2017-10-25T10:17:45+00:00","og_image":[{"width":844,"height":844,"url":"https:\/\/news.ubbcluj.ro\/hu\/wp-content\/uploads\/2017\/10\/facebook_website.png","type":"image\/png"}],"twitter_card":"summary_large_image","twitter_misc":{"Becs\u00fclt olvas\u00e1si id\u0151":"1 perc"},"schema":{"@context":"https:\/\/schema.org","@graph":[{"@type":"WebPage","@id":"https:\/\/news.ubbcluj.ro\/hu\/event\/eloadastechnika-kepzes-hogyan-legyunk-jo-eloadok-2\/","url":"https:\/\/news.ubbcluj.ro\/hu\/event\/eloadastechnika-kepzes-hogyan-legyunk-jo-eloadok-2\/","name":"EL\u0150AD\u00c1STECHNIKA-K\u00c9PZ\u00c9S: HOGYAN LEGY\u00dcNK J\u00d3 EL\u0150AD\u00d3K? - Kommunik\u00e1ci\u00f3 \u00e9s PR iroda","isPartOf":{"@id":"https:\/\/news.ubbcluj.ro\/hu\/#website"},"datePublished":"2017-10-24T06:50:49+00:00","dateModified":"2017-10-25T10:17:45+00:00","breadcrumb":{"@id":"https:\/\/news.ubbcluj.ro\/hu\/event\/eloadastechnika-kepzes-hogyan-legyunk-jo-eloadok-2\/#breadcrumb"},"inLanguage":"hu","potentialAction":[{"@type":"ReadAction","target":["https:\/\/news.ubbcluj.ro\/hu\/event\/eloadastechnika-kepzes-hogyan-legyunk-jo-eloadok-2\/"]}]},{"@type":"BreadcrumbList","@id":"https:\/\/news.ubbcluj.ro\/hu\/event\/eloadastechnika-kepzes-hogyan-legyunk-jo-eloadok-2\/#breadcrumb","itemListElement":[{"@type":"ListItem","position":1,"name":"Home","item":"https:\/\/news.ubbcluj.ro\/hu\/"},{"@type":"ListItem","position":2,"name":"Esem\u00e9nyek","item":"https:\/\/news.ubbcluj.ro\/hu\/events\/"},{"@type":"ListItem","position":3,"name":"EL\u0150AD\u00c1STECHNIKA-K\u00c9PZ\u00c9S: HOGYAN LEGY\u00dcNK J\u00d3 EL\u0150AD\u00d3K?"}]},{"@type":"WebSite","@id":"https:\/\/news.ubbcluj.ro\/hu\/#website","url":"https:\/\/news.ubbcluj.ro\/hu\/","name":"Kommunik\u00e1ci\u00f3 \u00e9s PR iroda","description":"Babe\u0219-Bolyai Tudom\u00e1negyetem","potentialAction":[{"@type":"SearchAction","target":{"@type":"EntryPoint","urlTemplate":"https:\/\/news.ubbcluj.ro\/hu\/?s={search_term_string}"},"query-input":"required name=search_term_string"}],"inLanguage":"hu"}]}},"_links":{"self":[{"href":"https:\/\/news.ubbcluj.ro\/hu\/wp-json\/wp\/v2\/tribe_events\/1650"}],"collection":[{"href":"https:\/\/news.ubbcluj.ro\/hu\/wp-json\/wp\/v2\/tribe_events"}],"about":[{"href":"https:\/\/news.ubbcluj.ro\/hu\/wp-json\/wp\/v2\/types\/tribe_events"}],"author":[{"embeddable":true,"href":"https:\/\/news.ubbcluj.ro\/hu\/wp-json\/wp\/v2\/users\/8"}],"replies":[{"embeddable":true,"href":"https:\/\/news.ubbcluj.ro\/hu\/wp-json\/wp\/v2\/comments?post=1650"}],"version-history":[{"count":5,"href":"https:\/\/news.ubbcluj.ro\/hu\/wp-json\/wp\/v2\/tribe_events\/1650\/revisions"}],"predecessor-version":[{"id":1662,"href":"https:\/\/news.ubbcluj.ro\/hu\/wp-json\/wp\/v2\/tribe_events\/1650\/revisions\/1662"}],"wp:featuredmedia":[{"embeddable":true,"href":"https:\/\/news.ubbcluj.ro\/hu\/wp-json\/wp\/v2\/media\/1647"}],"wp:attachment":[{"href":"https:\/\/news.ubbcluj.ro\/hu\/wp-json\/wp\/v2\/media?parent=1650"}],"wp:term":[{"taxonomy":"post_tag","embeddable":true,"href":"https:\/\/news.ubbcluj.ro\/hu\/wp-json\/wp\/v2\/tags?post=1650"},{"taxonomy":"tribe_events_cat","embeddable":true,"href":"https:\/\/news.ubbcluj.ro\/hu\/wp-json\/wp\/v2\/tribe_events_cat?post=1650"}],"curies":[{"name":"wp","href":"https:\/\/api.w.org\/{rel}","templated":true}]}}