{"id":6445,"date":"2023-12-15T15:12:13","date_gmt":"2023-12-15T13:12:13","guid":{"rendered":"https:\/\/news.ubbcluj.ro\/hu\/?post_type=tribe_events&#038;p=6445"},"modified":"2023-12-15T15:14:10","modified_gmt":"2023-12-15T13:14:10","slug":"6445","status":"publish","type":"tribe_events","link":"https:\/\/news.ubbcluj.ro\/hu\/event\/6445\/","title":{"rendered":"Az oktat\u00f3i tev\u00e9kenys\u00e9g hallgat\u00f3k \u00e1ltali ki\u00e9rt\u00e9kel\u00e9se"},"content":{"rendered":"<div class=\"\" data-block=\"true\" data-editor=\"9luuf\" data-offset-key=\"edaca-0-0\">\n<div class=\"_1mf _1mj\" data-offset-key=\"edaca-0-0\"><span data-offset-key=\"edaca-0-0\">Kedves di\u00e1kok!<\/span><\/div>\n<\/div>\n<div class=\"\" data-block=\"true\" data-editor=\"9luuf\" data-offset-key=\"9a54h-0-0\">\n<div class=\"_1mf _1mj\" data-offset-key=\"9a54h-0-0\"><span data-offset-key=\"9a54h-0-0\">Nagyon fontosnak tartjuk a v\u00e9lem\u00e9nyeteket az egyetemen zajl\u00f3 oktat\u00e1sr\u00f3l. Ez\u00e9rt k\u00e9r\u00fcnk, t\u00f6lts\u00e9tek ki az \u00e1ltalatok l\u00e1togatott el\u0151ad\u00e1sok, szemin\u00e1riumok vagy laborgyakorlatok min\u0151s\u00e9g\u00e9re vonatkoz\u00f3 online k\u00e9rd\u0151\u00edveket. A k\u00e9rd\u0151\u00edvek magyar, rom\u00e1n, n\u00e9met \u00e9s angol nyelven egyar\u00e1nt el\u00e9rhet\u0151ek. V\u00e1laszaitok nagym\u00e9rt\u00e9kben hozz\u00e1j\u00e1rulnak az oktat\u00f3k tev\u00e9kenys\u00e9g\u00e9nek \u00e9s \u00e1ltal\u00e1ban az oktat\u00e1si folyamat min\u0151s\u00e9g\u00e9nek jav\u00edt\u00e1s\u00e1hoz.<\/span><\/div>\n<\/div>\n<div class=\"\" data-block=\"true\" data-editor=\"9luuf\" data-offset-key=\"b9k1r-0-0\">\n<div class=\"_1mf _1mj\" data-offset-key=\"b9k1r-0-0\"><span data-offset-key=\"b9k1r-0-0\">\u00a0<\/span><\/div>\n<\/div>\n<div class=\"\" data-block=\"true\" data-editor=\"9luuf\" data-offset-key=\"d32ab-0-0\">\n<div class=\"_1mf _1mj\" data-offset-key=\"d32ab-0-0\"><span data-offset-key=\"d32ab-0-0\">Fontos tudnotok, hogy:<\/span><\/div>\n<\/div>\n<div class=\"\" data-block=\"true\" data-editor=\"9luuf\" data-offset-key=\"1iu1u-0-0\">\n<div class=\"_1mf _1mj\" data-offset-key=\"1iu1u-0-0\"><span data-offset-key=\"1iu1u-0-0\">(1) a v\u00e1laszok n\u00e9vtelenek, \u00e9s<\/span><\/div>\n<\/div>\n<div class=\"\" data-block=\"true\" data-editor=\"9luuf\" data-offset-key=\"97v62-0-0\">\n<div class=\"_1mf _1mj\" data-offset-key=\"97v62-0-0\"><span data-offset-key=\"97v62-0-0\">(2) nem befoly\u00e1solj\u00e1k a ki\u00e9rt\u00e9kelt tant\u00e1rgyb\u00f3l kapott jegyeket, mert tan\u00e1raitok egy\u00e1ltal\u00e1n nem l\u00e1thatj\u00e1k a k\u00e9rd\u0151\u00edvet kit\u00f6lt\u0151 szem\u00e9lyek nev\u00e9t, \u00e9s a min\u0151s\u00edt\u00e9seket is csup\u00e1n a vizsgaid\u0151szak lez\u00e1rult\u00e1val tekinthetik meg.<\/span><\/div>\n<\/div>\n<div class=\"\" data-block=\"true\" data-editor=\"9luuf\" data-offset-key=\"cbb84-0-0\">\n<div class=\"_1mf _1mj\" data-offset-key=\"cbb84-0-0\"><span data-offset-key=\"cbb84-0-0\">\u00a0<\/span><\/div>\n<\/div>\n<div class=\"\" data-block=\"true\" data-editor=\"9luuf\" data-offset-key=\"8t81f-0-0\">\n<div class=\"_1mf _1mj\" data-offset-key=\"8t81f-0-0\"><span data-offset-key=\"8t81f-0-0\">A 2023\/2024-es tan\u00e9v 1. f\u00e9l\u00e9v\u00e9nek ki\u00e9rt\u00e9kel\u00e9si id\u0151szaka:<\/span><\/div>\n<\/div>\n<div class=\"\" data-block=\"true\" data-editor=\"9luuf\" data-offset-key=\"3rpam-0-0\">\n<div class=\"_1mf _1mj\" data-offset-key=\"3rpam-0-0\"><strong>A nappali tagozatos hallgat\u00f3k sz\u00e1m\u00e1ra: 2023. december 11. &#8211; 2024. janu\u00e1r 14.<\/strong><\/div>\n<\/div>\n<div class=\"\" data-block=\"true\" data-editor=\"9luuf\" data-offset-key=\"er2nc-0-0\">\n<div class=\"_1mf _1mj\" data-offset-key=\"er2nc-0-0\"><strong>T\u00e1voktat\u00e1s tagozatos hallgat\u00f3k sz\u00e1m\u00e1ra: 2024. janu\u00e1r 08. \u2013 janu\u00e1r 21.<\/strong><\/div>\n<\/div>\n<div class=\"\" data-block=\"true\" data-editor=\"9luuf\" data-offset-key=\"bhhkc-0-0\">\n<div class=\"_1mf _1mj\" data-offset-key=\"bhhkc-0-0\"><span data-offset-key=\"bhhkc-0-0\">\u00a0<\/span><\/div>\n<\/div>\n<div class=\"\" data-block=\"true\" data-editor=\"9luuf\" data-offset-key=\"13ong-0-0\">\n<div class=\"_1mf _1mj\" data-offset-key=\"13ong-0-0\"><span data-offset-key=\"13ong-0-0\">A k\u00e9rd\u0151\u00edveket az <a href=\"https:\/\/academicinfo.ubbcluj.ro\/\"><strong>academicinfo.ubbcluj.ro\/Info\/<\/strong><\/a> oldalon lehet el\u00e9rni, a magyar nyelvi gombra kattintva magyarul is kit\u00f6lthet\u0151ek.<\/span><\/div>\n<\/div>\n<div class=\"\" data-block=\"true\" data-editor=\"9luuf\" data-offset-key=\"7lqr1-0-0\">\n<div class=\"_1mf _1mj\" data-offset-key=\"7lqr1-0-0\"><span data-offset-key=\"7lqr1-0-0\">\u00a0<\/span><\/div>\n<\/div>\n<div class=\"\" data-block=\"true\" data-editor=\"9luuf\" data-offset-key=\"3otem-0-0\">\n<div class=\"_1mf _1mj\" data-offset-key=\"3otem-0-0\"><span data-offset-key=\"3otem-0-0\">A megjel\u00f6lt id\u0151szakot k\u00f6vet\u0151en a ki\u00e9rt\u00e9kel\u00e9si fel\u00fclet nem lesz el\u00e9rhet\u0151, ez\u00e9rt k\u00e9r\u00fcnk, hogy a megjel\u00f6lt hat\u00e1rid\u0151ig t\u00f6lts\u00e9tek ki a k\u00e9rd\u0151\u00edveket.<\/span><\/div>\n<\/div>\n<div class=\"\" data-block=\"true\" data-editor=\"9luuf\" data-offset-key=\"9e6i7-0-0\">\n<div class=\"_1mf _1mj\" data-offset-key=\"9e6i7-0-0\"><span data-offset-key=\"9e6i7-0-0\">Fontos azt is tudnotok, hogy csak azok a hallgat\u00f3k l\u00e1thatj\u00e1k a ki\u00e9rt\u00e9kel\u00e9s v\u00e9geredm\u00e9ny\u00e9t, akik maguk is kit\u00f6lt\u00f6tt\u00e9k az online k\u00e9rd\u0151\u00edveket.<\/span><\/div>\n<\/div>\n<div class=\"\" data-block=\"true\" data-editor=\"9luuf\" data-offset-key=\"9ocsa-0-0\">\n<div class=\"_1mf _1mj\" data-offset-key=\"9ocsa-0-0\"><span data-offset-key=\"9ocsa-0-0\">\u00a0<\/span><\/div>\n<\/div>\n<div class=\"\" data-block=\"true\" data-editor=\"9luuf\" data-offset-key=\"d8u5r-0-0\">\n<div class=\"_1mf _1mj\" data-offset-key=\"d8u5r-0-0\"><span data-offset-key=\"d8u5r-0-0\">K\u00f6sz\u00f6nj\u00fck a seg\u00edts\u00e9get!<\/span><\/div>\n<div data-offset-key=\"d8u5r-0-0\"><img loading=\"lazy\" decoding=\"async\" class=\"aligncenter wp-image-6446 size-full\" src=\"https:\/\/news.ubbcluj.ro\/hu\/wp-content\/uploads\/2023\/12\/evaluare-cadre-2023_hu2.png\" alt=\"\" width=\"608\" height=\"608\" data-id=\"6446\" srcset=\"https:\/\/news.ubbcluj.ro\/hu\/wp-content\/uploads\/2023\/12\/evaluare-cadre-2023_hu2.png 608w, https:\/\/news.ubbcluj.ro\/hu\/wp-content\/uploads\/2023\/12\/evaluare-cadre-2023_hu2-300x300.png 300w, https:\/\/news.ubbcluj.ro\/hu\/wp-content\/uploads\/2023\/12\/evaluare-cadre-2023_hu2-200x200.png 200w, https:\/\/news.ubbcluj.ro\/hu\/wp-content\/uploads\/2023\/12\/evaluare-cadre-2023_hu2-150x150.png 150w, https:\/\/news.ubbcluj.ro\/hu\/wp-content\/uploads\/2023\/12\/evaluare-cadre-2023_hu2-100x100.png 100w, https:\/\/news.ubbcluj.ro\/hu\/wp-content\/uploads\/2023\/12\/evaluare-cadre-2023_hu2-450x450.png 450w, https:\/\/news.ubbcluj.ro\/hu\/wp-content\/uploads\/2023\/12\/evaluare-cadre-2023_hu2-600x600.png 600w\" sizes=\"(max-width: 608px) 100vw, 608px\" \/><\/div>\n<\/div>\n","protected":false},"excerpt":{"rendered":"<p>Kedves di\u00e1kok! Nagyon fontosnak tartjuk a v\u00e9lem\u00e9nyeteket az egyetemen zajl\u00f3 oktat\u00e1sr\u00f3l. Ez\u00e9rt k\u00e9r\u00fcnk, t\u00f6lts\u00e9tek ki az \u00e1ltalatok l\u00e1togatott el\u0151ad\u00e1sok, szemin\u00e1riumok vagy laborgyakorlatok min\u0151s\u00e9g\u00e9re vonatkoz\u00f3 online k\u00e9rd\u0151\u00edveket. A k\u00e9rd\u0151\u00edvek magyar, rom\u00e1n, n\u00e9met \u00e9s angol nyelven egyar\u00e1nt el\u00e9rhet\u0151ek. V\u00e1laszaitok nagym\u00e9rt\u00e9kben hozz\u00e1j\u00e1rulnak az &hellip;<\/p>\n<p class=\"read-more\"> <a class=\"more-link\" href=\"https:\/\/news.ubbcluj.ro\/hu\/event\/6445\/\"> <span class=\"screen-reader-text\">Az oktat\u00f3i tev\u00e9kenys\u00e9g hallgat\u00f3k \u00e1ltali ki\u00e9rt\u00e9kel\u00e9se<\/span> Tov\u00e1bb &raquo;<\/a><\/p>\n","protected":false},"author":9,"featured_media":6447,"comment_status":"closed","ping_status":"closed","template":"","meta":{"_tribe_events_status":"","_tribe_events_status_reason":""},"tags":[],"tribe_events_cat":[14,18],"yoast_head":"<!-- This site is optimized with the Yoast SEO plugin v21.9.1 - https:\/\/yoast.com\/wordpress\/plugins\/seo\/ -->\n<title>Az oktat\u00f3i tev\u00e9kenys\u00e9g hallgat\u00f3k \u00e1ltali ki\u00e9rt\u00e9kel\u00e9se - Kommunik\u00e1ci\u00f3 \u00e9s PR iroda<\/title>\n<meta name=\"robots\" content=\"index, follow, max-snippet:-1, max-image-preview:large, max-video-preview:-1\" \/>\n<link rel=\"canonical\" href=\"https:\/\/news.ubbcluj.ro\/hu\/event\/6445\/\" \/>\n<meta property=\"og:locale\" content=\"hu_HU\" \/>\n<meta property=\"og:type\" content=\"article\" \/>\n<meta property=\"og:title\" content=\"Az oktat\u00f3i tev\u00e9kenys\u00e9g hallgat\u00f3k \u00e1ltali ki\u00e9rt\u00e9kel\u00e9se - Kommunik\u00e1ci\u00f3 \u00e9s PR iroda\" \/>\n<meta property=\"og:description\" content=\"Kedves di\u00e1kok! Nagyon fontosnak tartjuk a v\u00e9lem\u00e9nyeteket az egyetemen zajl\u00f3 oktat\u00e1sr\u00f3l. Ez\u00e9rt k\u00e9r\u00fcnk, t\u00f6lts\u00e9tek ki az \u00e1ltalatok l\u00e1togatott el\u0151ad\u00e1sok, szemin\u00e1riumok vagy laborgyakorlatok min\u0151s\u00e9g\u00e9re vonatkoz\u00f3 online k\u00e9rd\u0151\u00edveket. A k\u00e9rd\u0151\u00edvek magyar, rom\u00e1n, n\u00e9met \u00e9s angol nyelven egyar\u00e1nt el\u00e9rhet\u0151ek. V\u00e1laszaitok nagym\u00e9rt\u00e9kben hozz\u00e1j\u00e1rulnak az &hellip; Az oktat\u00f3i tev\u00e9kenys\u00e9g hallgat\u00f3k \u00e1ltali ki\u00e9rt\u00e9kel\u00e9se Tov\u00e1bb &raquo;\" \/>\n<meta property=\"og:url\" content=\"https:\/\/news.ubbcluj.ro\/hu\/event\/6445\/\" \/>\n<meta property=\"og:site_name\" content=\"Kommunik\u00e1ci\u00f3 \u00e9s PR iroda\" \/>\n<meta property=\"article:modified_time\" content=\"2023-12-15T13:14:10+00:00\" \/>\n<meta property=\"og:image\" content=\"https:\/\/news.ubbcluj.ro\/hu\/wp-content\/uploads\/2023\/12\/evaluare-cadre-2023_hu1.png\" \/>\n\t<meta property=\"og:image:width\" content=\"608\" \/>\n\t<meta property=\"og:image:height\" content=\"608\" \/>\n\t<meta property=\"og:image:type\" content=\"image\/png\" \/>\n<meta name=\"twitter:card\" content=\"summary_large_image\" \/>\n<meta name=\"twitter:label1\" content=\"Becs\u00fclt olvas\u00e1si id\u0151\" \/>\n\t<meta name=\"twitter:data1\" content=\"2 perc\" \/>\n<script type=\"application\/ld+json\" class=\"yoast-schema-graph\">{\"@context\":\"https:\/\/schema.org\",\"@graph\":[{\"@type\":\"WebPage\",\"@id\":\"https:\/\/news.ubbcluj.ro\/hu\/event\/6445\/\",\"url\":\"https:\/\/news.ubbcluj.ro\/hu\/event\/6445\/\",\"name\":\"Az oktat\u00f3i tev\u00e9kenys\u00e9g hallgat\u00f3k \u00e1ltali ki\u00e9rt\u00e9kel\u00e9se - Kommunik\u00e1ci\u00f3 \u00e9s PR iroda\",\"isPartOf\":{\"@id\":\"https:\/\/news.ubbcluj.ro\/hu\/#website\"},\"datePublished\":\"2023-12-15T13:12:13+00:00\",\"dateModified\":\"2023-12-15T13:14:10+00:00\",\"breadcrumb\":{\"@id\":\"https:\/\/news.ubbcluj.ro\/hu\/event\/6445\/#breadcrumb\"},\"inLanguage\":\"hu\",\"potentialAction\":[{\"@type\":\"ReadAction\",\"target\":[\"https:\/\/news.ubbcluj.ro\/hu\/event\/6445\/\"]}]},{\"@type\":\"BreadcrumbList\",\"@id\":\"https:\/\/news.ubbcluj.ro\/hu\/event\/6445\/#breadcrumb\",\"itemListElement\":[{\"@type\":\"ListItem\",\"position\":1,\"name\":\"Home\",\"item\":\"https:\/\/news.ubbcluj.ro\/hu\/\"},{\"@type\":\"ListItem\",\"position\":2,\"name\":\"Esem\u00e9nyek\",\"item\":\"https:\/\/news.ubbcluj.ro\/hu\/events\/\"},{\"@type\":\"ListItem\",\"position\":3,\"name\":\"Az oktat\u00f3i tev\u00e9kenys\u00e9g hallgat\u00f3k \u00e1ltali ki\u00e9rt\u00e9kel\u00e9se\"}]},{\"@type\":\"WebSite\",\"@id\":\"https:\/\/news.ubbcluj.ro\/hu\/#website\",\"url\":\"https:\/\/news.ubbcluj.ro\/hu\/\",\"name\":\"Kommunik\u00e1ci\u00f3 \u00e9s PR iroda\",\"description\":\"Babe\u0219-Bolyai Tudom\u00e1negyetem\",\"potentialAction\":[{\"@type\":\"SearchAction\",\"target\":{\"@type\":\"EntryPoint\",\"urlTemplate\":\"https:\/\/news.ubbcluj.ro\/hu\/?s={search_term_string}\"},\"query-input\":\"required name=search_term_string\"}],\"inLanguage\":\"hu\"}]}<\/script>\n<!-- \/ Yoast SEO plugin. -->","yoast_head_json":{"title":"Az oktat\u00f3i tev\u00e9kenys\u00e9g hallgat\u00f3k \u00e1ltali ki\u00e9rt\u00e9kel\u00e9se - Kommunik\u00e1ci\u00f3 \u00e9s PR iroda","robots":{"index":"index","follow":"follow","max-snippet":"max-snippet:-1","max-image-preview":"max-image-preview:large","max-video-preview":"max-video-preview:-1"},"canonical":"https:\/\/news.ubbcluj.ro\/hu\/event\/6445\/","og_locale":"hu_HU","og_type":"article","og_title":"Az oktat\u00f3i tev\u00e9kenys\u00e9g hallgat\u00f3k \u00e1ltali ki\u00e9rt\u00e9kel\u00e9se - Kommunik\u00e1ci\u00f3 \u00e9s PR iroda","og_description":"Kedves di\u00e1kok! Nagyon fontosnak tartjuk a v\u00e9lem\u00e9nyeteket az egyetemen zajl\u00f3 oktat\u00e1sr\u00f3l. Ez\u00e9rt k\u00e9r\u00fcnk, t\u00f6lts\u00e9tek ki az \u00e1ltalatok l\u00e1togatott el\u0151ad\u00e1sok, szemin\u00e1riumok vagy laborgyakorlatok min\u0151s\u00e9g\u00e9re vonatkoz\u00f3 online k\u00e9rd\u0151\u00edveket. A k\u00e9rd\u0151\u00edvek magyar, rom\u00e1n, n\u00e9met \u00e9s angol nyelven egyar\u00e1nt el\u00e9rhet\u0151ek. V\u00e1laszaitok nagym\u00e9rt\u00e9kben hozz\u00e1j\u00e1rulnak az &hellip; Az oktat\u00f3i tev\u00e9kenys\u00e9g hallgat\u00f3k \u00e1ltali ki\u00e9rt\u00e9kel\u00e9se Tov\u00e1bb &raquo;","og_url":"https:\/\/news.ubbcluj.ro\/hu\/event\/6445\/","og_site_name":"Kommunik\u00e1ci\u00f3 \u00e9s PR iroda","article_modified_time":"2023-12-15T13:14:10+00:00","og_image":[{"width":608,"height":608,"url":"https:\/\/news.ubbcluj.ro\/hu\/wp-content\/uploads\/2023\/12\/evaluare-cadre-2023_hu1.png","type":"image\/png"}],"twitter_card":"summary_large_image","twitter_misc":{"Becs\u00fclt olvas\u00e1si id\u0151":"2 perc"},"schema":{"@context":"https:\/\/schema.org","@graph":[{"@type":"WebPage","@id":"https:\/\/news.ubbcluj.ro\/hu\/event\/6445\/","url":"https:\/\/news.ubbcluj.ro\/hu\/event\/6445\/","name":"Az oktat\u00f3i tev\u00e9kenys\u00e9g hallgat\u00f3k \u00e1ltali ki\u00e9rt\u00e9kel\u00e9se - Kommunik\u00e1ci\u00f3 \u00e9s PR iroda","isPartOf":{"@id":"https:\/\/news.ubbcluj.ro\/hu\/#website"},"datePublished":"2023-12-15T13:12:13+00:00","dateModified":"2023-12-15T13:14:10+00:00","breadcrumb":{"@id":"https:\/\/news.ubbcluj.ro\/hu\/event\/6445\/#breadcrumb"},"inLanguage":"hu","potentialAction":[{"@type":"ReadAction","target":["https:\/\/news.ubbcluj.ro\/hu\/event\/6445\/"]}]},{"@type":"BreadcrumbList","@id":"https:\/\/news.ubbcluj.ro\/hu\/event\/6445\/#breadcrumb","itemListElement":[{"@type":"ListItem","position":1,"name":"Home","item":"https:\/\/news.ubbcluj.ro\/hu\/"},{"@type":"ListItem","position":2,"name":"Esem\u00e9nyek","item":"https:\/\/news.ubbcluj.ro\/hu\/events\/"},{"@type":"ListItem","position":3,"name":"Az oktat\u00f3i tev\u00e9kenys\u00e9g hallgat\u00f3k \u00e1ltali ki\u00e9rt\u00e9kel\u00e9se"}]},{"@type":"WebSite","@id":"https:\/\/news.ubbcluj.ro\/hu\/#website","url":"https:\/\/news.ubbcluj.ro\/hu\/","name":"Kommunik\u00e1ci\u00f3 \u00e9s PR iroda","description":"Babe\u0219-Bolyai Tudom\u00e1negyetem","potentialAction":[{"@type":"SearchAction","target":{"@type":"EntryPoint","urlTemplate":"https:\/\/news.ubbcluj.ro\/hu\/?s={search_term_string}"},"query-input":"required name=search_term_string"}],"inLanguage":"hu"}]}},"_links":{"self":[{"href":"https:\/\/news.ubbcluj.ro\/hu\/wp-json\/wp\/v2\/tribe_events\/6445"}],"collection":[{"href":"https:\/\/news.ubbcluj.ro\/hu\/wp-json\/wp\/v2\/tribe_events"}],"about":[{"href":"https:\/\/news.ubbcluj.ro\/hu\/wp-json\/wp\/v2\/types\/tribe_events"}],"author":[{"embeddable":true,"href":"https:\/\/news.ubbcluj.ro\/hu\/wp-json\/wp\/v2\/users\/9"}],"replies":[{"embeddable":true,"href":"https:\/\/news.ubbcluj.ro\/hu\/wp-json\/wp\/v2\/comments?post=6445"}],"version-history":[{"count":2,"href":"https:\/\/news.ubbcluj.ro\/hu\/wp-json\/wp\/v2\/tribe_events\/6445\/revisions"}],"predecessor-version":[{"id":6450,"href":"https:\/\/news.ubbcluj.ro\/hu\/wp-json\/wp\/v2\/tribe_events\/6445\/revisions\/6450"}],"wp:featuredmedia":[{"embeddable":true,"href":"https:\/\/news.ubbcluj.ro\/hu\/wp-json\/wp\/v2\/media\/6447"}],"wp:attachment":[{"href":"https:\/\/news.ubbcluj.ro\/hu\/wp-json\/wp\/v2\/media?parent=6445"}],"wp:term":[{"taxonomy":"post_tag","embeddable":true,"href":"https:\/\/news.ubbcluj.ro\/hu\/wp-json\/wp\/v2\/tags?post=6445"},{"taxonomy":"tribe_events_cat","embeddable":true,"href":"https:\/\/news.ubbcluj.ro\/hu\/wp-json\/wp\/v2\/tribe_events_cat?post=6445"}],"curies":[{"name":"wp","href":"https:\/\/api.w.org\/{rel}","templated":true}]}}