{"id":6582,"date":"2024-04-22T12:17:53","date_gmt":"2024-04-22T09:17:53","guid":{"rendered":"https:\/\/news.ubbcluj.ro\/hu\/?post_type=tribe_events&#038;p=6582"},"modified":"2024-04-24T12:21:43","modified_gmt":"2024-04-24T09:21:43","slug":"14-szociologus-napok","status":"publish","type":"tribe_events","link":"https:\/\/news.ubbcluj.ro\/hu\/event\/14-szociologus-napok\/","title":{"rendered":"14. Szociol\u00f3gus Napok"},"content":{"rendered":"<div dir=\"auto\">A <a class=\"x1i10hfl xjbqb8w x1ejq31n xd10rxx x1sy0etr x17r0tee x972fbf xcfux6l x1qhh985 xm0m39n x9f619 x1ypdohk xt0psk2 xe8uvvx xdj266r x11i5rnm xat24cr x1mh8g0r xexx8yu x4uap5 x18d9i69 xkhd6sd x16tdsg8 x1hl2dhg xggy1nq x1a2a7pz xt0b8zv x1fey0fg xo1l8bm\" tabindex=\"0\" role=\"link\" href=\"https:\/\/www.facebook.com\/bbteszociologia?__cft__[0]=AZXPyRpV-7KBEPnyCqqBd-nuedt-GUCzZjRrgJeb736Irn8npPXSyGpS6vV1VklVupZMvFw_RQpYQZSiWcluY_vcDsJl6AYiqOsh05wTN7fY4wEymZKhW7K0XidA2sHWiA99cUHupMsSewNpJqmGCJqarFCLCNwAoka4ooCXErEbyQ&amp;__tn__=-]K-R\" target=\"_blank\" rel=\"noopener\"><span class=\"xt0psk2\">BBTE Magyar Szociol\u00f3gia \u00e9s Szoci\u00e1lis Munka Int\u00e9zet<\/span><\/a>e, a <a class=\"x1i10hfl xjbqb8w x1ejq31n xd10rxx x1sy0etr x17r0tee x972fbf xcfux6l x1qhh985 xm0m39n x9f619 x1ypdohk xt0psk2 xe8uvvx xdj266r x11i5rnm xat24cr x1mh8g0r xexx8yu x4uap5 x18d9i69 xkhd6sd x16tdsg8 x1hl2dhg xggy1nq x1a2a7pz xt0b8zv x1fey0fg xo1l8bm\" tabindex=\"0\" role=\"link\" href=\"https:\/\/www.facebook.com\/maxweber.szakkollegium?__cft__[0]=AZXPyRpV-7KBEPnyCqqBd-nuedt-GUCzZjRrgJeb736Irn8npPXSyGpS6vV1VklVupZMvFw_RQpYQZSiWcluY_vcDsJl6AYiqOsh05wTN7fY4wEymZKhW7K0XidA2sHWiA99cUHupMsSewNpJqmGCJqarFCLCNwAoka4ooCXErEbyQ&amp;__tn__=-]K-R\" target=\"_blank\" rel=\"noopener\"><span class=\"xt0psk2\">Max Weber Szakkoll\u00e9gium<\/span><\/a> \u00e9s a <a class=\"x1i10hfl xjbqb8w x1ejq31n xd10rxx x1sy0etr x17r0tee x972fbf xcfux6l x1qhh985 xm0m39n x9f619 x1ypdohk xt0psk2 xe8uvvx xdj266r x11i5rnm xat24cr x1mh8g0r xexx8yu x4uap5 x18d9i69 xkhd6sd x16tdsg8 x1hl2dhg xggy1nq x1a2a7pz xt0b8zv x1fey0fg xo1l8bm\" tabindex=\"0\" role=\"link\" href=\"https:\/\/www.facebook.com\/profile.php?id=100064819926000&amp;__cft__[0]=AZXPyRpV-7KBEPnyCqqBd-nuedt-GUCzZjRrgJeb736Irn8npPXSyGpS6vV1VklVupZMvFw_RQpYQZSiWcluY_vcDsJl6AYiqOsh05wTN7fY4wEymZKhW7K0XidA2sHWiA99cUHupMsSewNpJqmGCJqarFCLCNwAoka4ooCXErEbyQ&amp;__tn__=-]K-R\" target=\"_blank\" rel=\"noopener\"><span class=\"xt0psk2\">MTA Kolozsv\u00e1ri Akad\u00e9miai Bizotts\u00e1g<\/span><\/a> Szociol\u00f3gia \u00e9s Demogr\u00e1fiai Szakbizotts\u00e1ga szervez\u00e9s\u00e9ben, a <a class=\"x1i10hfl xjbqb8w x1ejq31n xd10rxx x1sy0etr x17r0tee x972fbf xcfux6l x1qhh985 xm0m39n x9f619 x1ypdohk xt0psk2 xe8uvvx xdj266r x11i5rnm xat24cr x1mh8g0r xexx8yu x4uap5 x18d9i69 xkhd6sd x16tdsg8 x1hl2dhg xggy1nq x1a2a7pz xt0b8zv x1fey0fg xo1l8bm\" tabindex=\"0\" role=\"link\" href=\"https:\/\/www.facebook.com\/rodosz.ro?__cft__[0]=AZXPyRpV-7KBEPnyCqqBd-nuedt-GUCzZjRrgJeb736Irn8npPXSyGpS6vV1VklVupZMvFw_RQpYQZSiWcluY_vcDsJl6AYiqOsh05wTN7fY4wEymZKhW7K0XidA2sHWiA99cUHupMsSewNpJqmGCJqarFCLCNwAoka4ooCXErEbyQ&amp;__tn__=-]K-R\" target=\"_blank\" rel=\"noopener\"><span class=\"xt0psk2\">Rodosz<\/span><\/a> partneri egy\u00fcttm\u0171k\u00f6d\u00e9s\u00e9vel, 2024. \u00e1prilis 22-24.-e k\u00f6z\u00f6tt zajlanak a 14. Szociol\u00f3gus Napok.<\/div>\n<div dir=\"auto\">Az idei rendezv\u00e9ny f\u0151c\u00edme: &#8222;Dinamik\u00e1k, torzul\u00e1sok, aszimmetri\u00e1k a v\u00e1rosi t\u00e9rben. V\u00e1rosrendez\u00e9s \u00e9s t\u00e1rsadalmi folyamatok viszonya az \u00e1tmenet \u00e9veiben \u00e9s azt k\u00f6vet\u0151en&#8221;. Az els\u0151 nap \u00e9s a m\u00e1sodik nap els\u0151 r\u00e9sz\u00e9nek t\u00e9m\u00e1ja a v\u00e1rosfejleszt\u00e9s, v\u00e1rosrendez\u00e9s dinamik\u00e1ir\u00f3l \u00e9s torzul\u00e1sair\u00f3l lesz sz\u00f3, Kolozsv\u00e1rra f\u00f3kusz\u00e1lva, a m\u00e1sodik nap folytat\u00e1sak\u00e9nt a coaching \u00e9s a reziliens \u00e9s innovat\u00edv szervezeti kult\u00fara, valamint a hossz\u00fa t\u00e1v\u00fa demogr\u00e1fiai trendek k\u00f6vetkezm\u00e9nyei ker\u00fclnek ter\u00edt\u00e9kre. A harmadik napon pedig a munk\u00e1ba j\u00e1r\u00e1si szok\u00e1sokat \u00e9s a kolozsv\u00e1ri be\u00e1gyazott v\u00e1llalkoz\u00e1sok kialakul\u00e1s\u00e1t, fejl\u0151d\u00e9s\u00e9t j\u00e1rjuk k\u00f6r\u00fcl. A 14. Szociol\u00f3gus Napokon e t\u00e9m\u00e1kban sz\u00e1mos el\u0151ad\u00e1sra \u00e9s t\u00f6bb kerekasztalra ker\u00fcl sor.<\/div>\n<div dir=\"auto\">A r\u00e9szletes program itt olvashat\u00f3: <a class=\"x1i10hfl xjbqb8w x1ejq31n xd10rxx x1sy0etr x17r0tee x972fbf xcfux6l x1qhh985 xm0m39n x9f619 x1ypdohk xt0psk2 xe8uvvx xdj266r x11i5rnm xat24cr x1mh8g0r xexx8yu x4uap5 x18d9i69 xkhd6sd x16tdsg8 x1hl2dhg xggy1nq x1a2a7pz xt0b8zv x1fey0fg\" tabindex=\"0\" role=\"link\" href=\"https:\/\/szociologusnapok.ro\/program.html?fbclid=IwZXh0bgNhZW0CMTAAAR0Kw1_OV0NKUpztWjAVT2EMJrYct8IivSPwatex-FZM0oViwCqIOI8qP_c_aem_AWpWXeTuuzjggZ47P1AwXaoEkfiYSbqYpnXUp6IDfOIrCADwtP-M64lSlGQFw6K1nw7TeeG_YSQ0fFbQtFmp7Lcn\" target=\"_blank\" rel=\"nofollow noopener noreferrer\">https:\/\/szociologusnapok.ro\/program.html<\/a>. Szeretettel v\u00e1runk!<\/div>\n","protected":false},"excerpt":{"rendered":"<p>A BBTE Magyar Szociol\u00f3gia \u00e9s Szoci\u00e1lis Munka Int\u00e9zete, a Max Weber Szakkoll\u00e9gium \u00e9s a MTA Kolozsv\u00e1ri Akad\u00e9miai Bizotts\u00e1g Szociol\u00f3gia \u00e9s Demogr\u00e1fiai Szakbizotts\u00e1ga szervez\u00e9s\u00e9ben, a Rodosz partneri egy\u00fcttm\u0171k\u00f6d\u00e9s\u00e9vel, 2024. \u00e1prilis 22-24.-e k\u00f6z\u00f6tt zajlanak a 14. Szociol\u00f3gus Napok. Az idei rendezv\u00e9ny f\u0151c\u00edme: &hellip;<\/p>\n<p class=\"read-more\"> <a class=\"more-link\" href=\"https:\/\/news.ubbcluj.ro\/hu\/event\/14-szociologus-napok\/\"> <span class=\"screen-reader-text\">14. Szociol\u00f3gus Napok<\/span> Tov\u00e1bb &raquo;<\/a><\/p>\n","protected":false},"author":9,"featured_media":6583,"comment_status":"closed","ping_status":"closed","template":"","meta":{"_tribe_events_status":"","_tribe_events_status_reason":""},"tags":[],"tribe_events_cat":[14],"yoast_head":"<!-- This site is optimized with the Yoast SEO plugin v21.9.1 - https:\/\/yoast.com\/wordpress\/plugins\/seo\/ -->\n<title>14. Szociol\u00f3gus Napok - Kommunik\u00e1ci\u00f3 \u00e9s PR iroda<\/title>\n<meta name=\"robots\" content=\"index, follow, max-snippet:-1, max-image-preview:large, max-video-preview:-1\" \/>\n<link rel=\"canonical\" href=\"https:\/\/news.ubbcluj.ro\/hu\/event\/14-szociologus-napok\/\" \/>\n<meta property=\"og:locale\" content=\"hu_HU\" \/>\n<meta property=\"og:type\" content=\"article\" \/>\n<meta property=\"og:title\" content=\"14. Szociol\u00f3gus Napok - Kommunik\u00e1ci\u00f3 \u00e9s PR iroda\" \/>\n<meta property=\"og:description\" content=\"A BBTE Magyar Szociol\u00f3gia \u00e9s Szoci\u00e1lis Munka Int\u00e9zete, a Max Weber Szakkoll\u00e9gium \u00e9s a MTA Kolozsv\u00e1ri Akad\u00e9miai Bizotts\u00e1g Szociol\u00f3gia \u00e9s Demogr\u00e1fiai Szakbizotts\u00e1ga szervez\u00e9s\u00e9ben, a Rodosz partneri egy\u00fcttm\u0171k\u00f6d\u00e9s\u00e9vel, 2024. \u00e1prilis 22-24.-e k\u00f6z\u00f6tt zajlanak a 14. Szociol\u00f3gus Napok. Az idei rendezv\u00e9ny f\u0151c\u00edme: &hellip; 14. Szociol\u00f3gus Napok Tov\u00e1bb &raquo;\" \/>\n<meta property=\"og:url\" content=\"https:\/\/news.ubbcluj.ro\/hu\/event\/14-szociologus-napok\/\" \/>\n<meta property=\"og:site_name\" content=\"Kommunik\u00e1ci\u00f3 \u00e9s PR iroda\" \/>\n<meta property=\"article:modified_time\" content=\"2024-04-24T09:21:43+00:00\" \/>\n<meta property=\"og:image\" content=\"https:\/\/news.ubbcluj.ro\/hu\/wp-content\/uploads\/2024\/04\/438701181_947717737357194_7754749688199660188_n.jpg\" \/>\n\t<meta property=\"og:image:width\" content=\"1448\" \/>\n\t<meta property=\"og:image:height\" content=\"2048\" \/>\n\t<meta property=\"og:image:type\" content=\"image\/jpeg\" \/>\n<meta name=\"twitter:card\" content=\"summary_large_image\" \/>\n<meta name=\"twitter:label1\" content=\"Becs\u00fclt olvas\u00e1si id\u0151\" \/>\n\t<meta name=\"twitter:data1\" content=\"1 perc\" \/>\n<script type=\"application\/ld+json\" class=\"yoast-schema-graph\">{\"@context\":\"https:\/\/schema.org\",\"@graph\":[{\"@type\":\"WebPage\",\"@id\":\"https:\/\/news.ubbcluj.ro\/hu\/event\/14-szociologus-napok\/\",\"url\":\"https:\/\/news.ubbcluj.ro\/hu\/event\/14-szociologus-napok\/\",\"name\":\"14. Szociol\u00f3gus Napok - Kommunik\u00e1ci\u00f3 \u00e9s PR iroda\",\"isPartOf\":{\"@id\":\"https:\/\/news.ubbcluj.ro\/hu\/#website\"},\"datePublished\":\"2024-04-22T09:17:53+00:00\",\"dateModified\":\"2024-04-24T09:21:43+00:00\",\"breadcrumb\":{\"@id\":\"https:\/\/news.ubbcluj.ro\/hu\/event\/14-szociologus-napok\/#breadcrumb\"},\"inLanguage\":\"hu\",\"potentialAction\":[{\"@type\":\"ReadAction\",\"target\":[\"https:\/\/news.ubbcluj.ro\/hu\/event\/14-szociologus-napok\/\"]}]},{\"@type\":\"BreadcrumbList\",\"@id\":\"https:\/\/news.ubbcluj.ro\/hu\/event\/14-szociologus-napok\/#breadcrumb\",\"itemListElement\":[{\"@type\":\"ListItem\",\"position\":1,\"name\":\"Home\",\"item\":\"https:\/\/news.ubbcluj.ro\/hu\/\"},{\"@type\":\"ListItem\",\"position\":2,\"name\":\"Esem\u00e9nyek\",\"item\":\"https:\/\/news.ubbcluj.ro\/hu\/events\/\"},{\"@type\":\"ListItem\",\"position\":3,\"name\":\"14. Szociol\u00f3gus Napok\"}]},{\"@type\":\"WebSite\",\"@id\":\"https:\/\/news.ubbcluj.ro\/hu\/#website\",\"url\":\"https:\/\/news.ubbcluj.ro\/hu\/\",\"name\":\"Kommunik\u00e1ci\u00f3 \u00e9s PR iroda\",\"description\":\"Babe\u0219-Bolyai Tudom\u00e1negyetem\",\"potentialAction\":[{\"@type\":\"SearchAction\",\"target\":{\"@type\":\"EntryPoint\",\"urlTemplate\":\"https:\/\/news.ubbcluj.ro\/hu\/?s={search_term_string}\"},\"query-input\":\"required name=search_term_string\"}],\"inLanguage\":\"hu\"}]}<\/script>\n<!-- \/ Yoast SEO plugin. -->","yoast_head_json":{"title":"14. Szociol\u00f3gus Napok - Kommunik\u00e1ci\u00f3 \u00e9s PR iroda","robots":{"index":"index","follow":"follow","max-snippet":"max-snippet:-1","max-image-preview":"max-image-preview:large","max-video-preview":"max-video-preview:-1"},"canonical":"https:\/\/news.ubbcluj.ro\/hu\/event\/14-szociologus-napok\/","og_locale":"hu_HU","og_type":"article","og_title":"14. Szociol\u00f3gus Napok - Kommunik\u00e1ci\u00f3 \u00e9s PR iroda","og_description":"A BBTE Magyar Szociol\u00f3gia \u00e9s Szoci\u00e1lis Munka Int\u00e9zete, a Max Weber Szakkoll\u00e9gium \u00e9s a MTA Kolozsv\u00e1ri Akad\u00e9miai Bizotts\u00e1g Szociol\u00f3gia \u00e9s Demogr\u00e1fiai Szakbizotts\u00e1ga szervez\u00e9s\u00e9ben, a Rodosz partneri egy\u00fcttm\u0171k\u00f6d\u00e9s\u00e9vel, 2024. \u00e1prilis 22-24.-e k\u00f6z\u00f6tt zajlanak a 14. Szociol\u00f3gus Napok. Az idei rendezv\u00e9ny f\u0151c\u00edme: &hellip; 14. Szociol\u00f3gus Napok Tov\u00e1bb &raquo;","og_url":"https:\/\/news.ubbcluj.ro\/hu\/event\/14-szociologus-napok\/","og_site_name":"Kommunik\u00e1ci\u00f3 \u00e9s PR iroda","article_modified_time":"2024-04-24T09:21:43+00:00","og_image":[{"width":1448,"height":2048,"url":"https:\/\/news.ubbcluj.ro\/hu\/wp-content\/uploads\/2024\/04\/438701181_947717737357194_7754749688199660188_n.jpg","type":"image\/jpeg"}],"twitter_card":"summary_large_image","twitter_misc":{"Becs\u00fclt olvas\u00e1si id\u0151":"1 perc"},"schema":{"@context":"https:\/\/schema.org","@graph":[{"@type":"WebPage","@id":"https:\/\/news.ubbcluj.ro\/hu\/event\/14-szociologus-napok\/","url":"https:\/\/news.ubbcluj.ro\/hu\/event\/14-szociologus-napok\/","name":"14. Szociol\u00f3gus Napok - Kommunik\u00e1ci\u00f3 \u00e9s PR iroda","isPartOf":{"@id":"https:\/\/news.ubbcluj.ro\/hu\/#website"},"datePublished":"2024-04-22T09:17:53+00:00","dateModified":"2024-04-24T09:21:43+00:00","breadcrumb":{"@id":"https:\/\/news.ubbcluj.ro\/hu\/event\/14-szociologus-napok\/#breadcrumb"},"inLanguage":"hu","potentialAction":[{"@type":"ReadAction","target":["https:\/\/news.ubbcluj.ro\/hu\/event\/14-szociologus-napok\/"]}]},{"@type":"BreadcrumbList","@id":"https:\/\/news.ubbcluj.ro\/hu\/event\/14-szociologus-napok\/#breadcrumb","itemListElement":[{"@type":"ListItem","position":1,"name":"Home","item":"https:\/\/news.ubbcluj.ro\/hu\/"},{"@type":"ListItem","position":2,"name":"Esem\u00e9nyek","item":"https:\/\/news.ubbcluj.ro\/hu\/events\/"},{"@type":"ListItem","position":3,"name":"14. Szociol\u00f3gus Napok"}]},{"@type":"WebSite","@id":"https:\/\/news.ubbcluj.ro\/hu\/#website","url":"https:\/\/news.ubbcluj.ro\/hu\/","name":"Kommunik\u00e1ci\u00f3 \u00e9s PR iroda","description":"Babe\u0219-Bolyai Tudom\u00e1negyetem","potentialAction":[{"@type":"SearchAction","target":{"@type":"EntryPoint","urlTemplate":"https:\/\/news.ubbcluj.ro\/hu\/?s={search_term_string}"},"query-input":"required name=search_term_string"}],"inLanguage":"hu"}]}},"_links":{"self":[{"href":"https:\/\/news.ubbcluj.ro\/hu\/wp-json\/wp\/v2\/tribe_events\/6582"}],"collection":[{"href":"https:\/\/news.ubbcluj.ro\/hu\/wp-json\/wp\/v2\/tribe_events"}],"about":[{"href":"https:\/\/news.ubbcluj.ro\/hu\/wp-json\/wp\/v2\/types\/tribe_events"}],"author":[{"embeddable":true,"href":"https:\/\/news.ubbcluj.ro\/hu\/wp-json\/wp\/v2\/users\/9"}],"replies":[{"embeddable":true,"href":"https:\/\/news.ubbcluj.ro\/hu\/wp-json\/wp\/v2\/comments?post=6582"}],"version-history":[{"count":1,"href":"https:\/\/news.ubbcluj.ro\/hu\/wp-json\/wp\/v2\/tribe_events\/6582\/revisions"}],"predecessor-version":[{"id":6584,"href":"https:\/\/news.ubbcluj.ro\/hu\/wp-json\/wp\/v2\/tribe_events\/6582\/revisions\/6584"}],"wp:featuredmedia":[{"embeddable":true,"href":"https:\/\/news.ubbcluj.ro\/hu\/wp-json\/wp\/v2\/media\/6583"}],"wp:attachment":[{"href":"https:\/\/news.ubbcluj.ro\/hu\/wp-json\/wp\/v2\/media?parent=6582"}],"wp:term":[{"taxonomy":"post_tag","embeddable":true,"href":"https:\/\/news.ubbcluj.ro\/hu\/wp-json\/wp\/v2\/tags?post=6582"},{"taxonomy":"tribe_events_cat","embeddable":true,"href":"https:\/\/news.ubbcluj.ro\/hu\/wp-json\/wp\/v2\/tribe_events_cat?post=6582"}],"curies":[{"name":"wp","href":"https:\/\/api.w.org\/{rel}","templated":true}]}}