{"id":6589,"date":"2024-04-24T15:25:37","date_gmt":"2024-04-24T12:25:37","guid":{"rendered":"https:\/\/news.ubbcluj.ro\/hu\/?post_type=tribe_events&#038;p=6589"},"modified":"2024-04-24T15:25:37","modified_gmt":"2024-04-24T12:25:37","slug":"az-oktatoi-tevekenyseg-hallgatok-altali-kiertekelese","status":"publish","type":"tribe_events","link":"https:\/\/news.ubbcluj.ro\/hu\/event\/az-oktatoi-tevekenyseg-hallgatok-altali-kiertekelese\/","title":{"rendered":"AZ OKTAT\u00d3I TEV\u00c9KENYS\u00c9G HALLGAT\u00d3K \u00c1LTALI KI\u00c9RT\u00c9KEL\u00c9SE"},"content":{"rendered":"<p>Kedves di\u00e1kok,<\/p>\n<p>Nagyon fontosnak tartjuk a v\u00e9lem\u00e9nyeteket az egyetemen zajl\u00f3 oktat\u00e1sr\u00f3l. Ez\u00e9rt k\u00e9r\u00fcnk, t\u00f6lts\u00e9tek ki az \u00e1ltalatok l\u00e1togatott el\u0151ad\u00e1sok, szemin\u00e1riumok vagy laborgyakorlatok min\u0151s\u00e9g\u00e9re vonatkoz\u00f3 online k\u00e9rd\u0151\u00edveket. A k\u00e9rd\u0151\u00edvek magyar, rom\u00e1n, n\u00e9met \u00e9s angol nyelven egyar\u00e1nt el\u00e9rhet\u0151ek. V\u00e1laszaitok nagym\u00e9rt\u00e9kben hozz\u00e1j\u00e1rulnak az oktat\u00f3k tev\u00e9kenys\u00e9g\u00e9nek \u00e9s \u00e1ltal\u00e1ban az oktat\u00e1si folyamat min\u0151s\u00e9g\u00e9nek jav\u00edt\u00e1s\u00e1hoz.<\/p>\n<p>Fontos tudnotok, hogy:<\/p>\n<p>(1) a v\u00e1laszok n\u00e9vtelenek, \u00e9s<\/p>\n<p>(2) nem befoly\u00e1solj\u00e1k a ki\u00e9rt\u00e9kelt tant\u00e1rgyb\u00f3l kapott jegyeket, mert tan\u00e1raitok egy\u00e1ltal\u00e1n nem l\u00e1thatj\u00e1k a k\u00e9rd\u0151\u00edvet kit\u00f6lt\u0151 szem\u00e9lyek nev\u00e9t, \u00e9s a min\u0151s\u00edt\u00e9seket is csup\u00e1n a vizsgaid\u0151szak lez\u00e1rult\u00e1val tekinthetik meg.<\/p>\n<p>A 2023\/2024-es tan\u00e9v II. f\u00e9l\u00e9v\u00e9nek ki\u00e9rt\u00e9kel\u00e9si id\u0151szaka:<\/p>\n<ul>\n<li><strong>Nappali tagozatos hallgat\u00f3k sz\u00e1m\u00e1ra: 2024. m\u00e1jus 13\u2013j\u00fanius 03.<\/strong><\/li>\n<li><strong>V\u00e9gz\u0151s \u00e9vfolyamok: 2024. \u00e1prilis 22\u2013m\u00e1jus 20.<\/strong><\/li>\n<li><strong>T\u00e1voktat\u00e1sos hallgat\u00f3k sz\u00e1m\u00e1ra: 2024. m\u00e1jus 27\u2013j\u00fanius 10.<\/strong><\/li>\n<li><strong>V\u00e9gz\u0151s \u00e9vfolyamok: 2024. m\u00e1jus 13\u201327.<\/strong><\/li>\n<\/ul>\n<p>A k\u00e9rd\u0151\u00edveket a <a href=\"https:\/\/academicinfo.ubbcluj.ro\/Info\/\">https:\/\/academicinfo.ubbcluj.ro\/Info\/<\/a>\u00a0oldalon lehet el\u00e9rni, a magyar nyelvi gombra kattintva magyarul is kit\u00f6lthet\u0151ek.<\/p>\n<p>A k\u00e9rd\u0151\u00edv az \u00a0mobilalkalmaz\u00e1s seg\u00edts\u00e9g\u00e9vel is kit\u00f6lthet\u0151, iOs \u00e9s Android fel\u00fcletek haszn\u00e1lat\u00e1val.<\/p>\n<p>A megjel\u00f6lt id\u0151szakot k\u00f6vet\u0151en a ki\u00e9rt\u00e9kel\u00e9si fel\u00fclet nem lesz el\u00e9rhet\u0151, ez\u00e9rt k\u00e9r\u00fcnk, hogy a megjel\u00f6lt hat\u00e1rid\u0151ig t\u00f6lts\u00e9tek ki a k\u00e9rd\u0151\u00edveket.<\/p>\n<p>Fontos azt is tudnotok, hogy csak azok a hallgat\u00f3k l\u00e1thatj\u00e1k a ki\u00e9rt\u00e9kel\u00e9s v\u00e9geredm\u00e9ny\u00e9t, akik maguk is kit\u00f6lt\u00f6tt\u00e9k az online k\u00e9rd\u0151\u00edveket.<\/p>\n<p>K\u00f6sz\u00f6nj\u00fck a seg\u00edts\u00e9get!<\/p>\n<p><img loading=\"lazy\" decoding=\"async\" class=\"alignnone size-medium wp-image-6591\" src=\"https:\/\/news.ubbcluj.ro\/hu\/wp-content\/uploads\/2024\/04\/438927675_944795410982760_4191672525548753751_n-300x300.jpg\" alt=\"\" width=\"300\" height=\"300\" data-id=\"6591\" srcset=\"https:\/\/news.ubbcluj.ro\/hu\/wp-content\/uploads\/2024\/04\/438927675_944795410982760_4191672525548753751_n-300x300.jpg 300w, https:\/\/news.ubbcluj.ro\/hu\/wp-content\/uploads\/2024\/04\/438927675_944795410982760_4191672525548753751_n-1024x1024.jpg 1024w, https:\/\/news.ubbcluj.ro\/hu\/wp-content\/uploads\/2024\/04\/438927675_944795410982760_4191672525548753751_n-200x200.jpg 200w, https:\/\/news.ubbcluj.ro\/hu\/wp-content\/uploads\/2024\/04\/438927675_944795410982760_4191672525548753751_n-768x768.jpg 768w, https:\/\/news.ubbcluj.ro\/hu\/wp-content\/uploads\/2024\/04\/438927675_944795410982760_4191672525548753751_n-150x150.jpg 150w, https:\/\/news.ubbcluj.ro\/hu\/wp-content\/uploads\/2024\/04\/438927675_944795410982760_4191672525548753751_n-100x100.jpg 100w, https:\/\/news.ubbcluj.ro\/hu\/wp-content\/uploads\/2024\/04\/438927675_944795410982760_4191672525548753751_n-450x450.jpg 450w, https:\/\/news.ubbcluj.ro\/hu\/wp-content\/uploads\/2024\/04\/438927675_944795410982760_4191672525548753751_n-600x600.jpg 600w, https:\/\/news.ubbcluj.ro\/hu\/wp-content\/uploads\/2024\/04\/438927675_944795410982760_4191672525548753751_n-900x900.jpg 900w, https:\/\/news.ubbcluj.ro\/hu\/wp-content\/uploads\/2024\/04\/438927675_944795410982760_4191672525548753751_n.jpg 1080w\" sizes=\"(max-width: 300px) 100vw, 300px\" \/> <img loading=\"lazy\" decoding=\"async\" class=\"alignnone size-medium wp-image-6590\" src=\"https:\/\/news.ubbcluj.ro\/hu\/wp-content\/uploads\/2024\/04\/438958220_944795447649423_2388636800470279120_n-300x300.jpg\" alt=\"\" width=\"300\" height=\"300\" data-id=\"6590\" srcset=\"https:\/\/news.ubbcluj.ro\/hu\/wp-content\/uploads\/2024\/04\/438958220_944795447649423_2388636800470279120_n-300x300.jpg 300w, https:\/\/news.ubbcluj.ro\/hu\/wp-content\/uploads\/2024\/04\/438958220_944795447649423_2388636800470279120_n-1024x1024.jpg 1024w, https:\/\/news.ubbcluj.ro\/hu\/wp-content\/uploads\/2024\/04\/438958220_944795447649423_2388636800470279120_n-200x200.jpg 200w, https:\/\/news.ubbcluj.ro\/hu\/wp-content\/uploads\/2024\/04\/438958220_944795447649423_2388636800470279120_n-768x768.jpg 768w, https:\/\/news.ubbcluj.ro\/hu\/wp-content\/uploads\/2024\/04\/438958220_944795447649423_2388636800470279120_n-150x150.jpg 150w, https:\/\/news.ubbcluj.ro\/hu\/wp-content\/uploads\/2024\/04\/438958220_944795447649423_2388636800470279120_n-100x100.jpg 100w, https:\/\/news.ubbcluj.ro\/hu\/wp-content\/uploads\/2024\/04\/438958220_944795447649423_2388636800470279120_n-450x450.jpg 450w, https:\/\/news.ubbcluj.ro\/hu\/wp-content\/uploads\/2024\/04\/438958220_944795447649423_2388636800470279120_n-600x600.jpg 600w, https:\/\/news.ubbcluj.ro\/hu\/wp-content\/uploads\/2024\/04\/438958220_944795447649423_2388636800470279120_n-900x900.jpg 900w, https:\/\/news.ubbcluj.ro\/hu\/wp-content\/uploads\/2024\/04\/438958220_944795447649423_2388636800470279120_n.jpg 1080w\" sizes=\"(max-width: 300px) 100vw, 300px\" \/><\/p>\n","protected":false},"excerpt":{"rendered":"<p>Kedves di\u00e1kok, Nagyon fontosnak tartjuk a v\u00e9lem\u00e9nyeteket az egyetemen zajl\u00f3 oktat\u00e1sr\u00f3l. Ez\u00e9rt k\u00e9r\u00fcnk, t\u00f6lts\u00e9tek ki az \u00e1ltalatok l\u00e1togatott el\u0151ad\u00e1sok, szemin\u00e1riumok vagy laborgyakorlatok min\u0151s\u00e9g\u00e9re vonatkoz\u00f3 online k\u00e9rd\u0151\u00edveket. A k\u00e9rd\u0151\u00edvek magyar, rom\u00e1n, n\u00e9met \u00e9s angol nyelven egyar\u00e1nt el\u00e9rhet\u0151ek. V\u00e1laszaitok nagym\u00e9rt\u00e9kben hozz\u00e1j\u00e1rulnak az &hellip;<\/p>\n<p class=\"read-more\"> <a class=\"more-link\" href=\"https:\/\/news.ubbcluj.ro\/hu\/event\/az-oktatoi-tevekenyseg-hallgatok-altali-kiertekelese\/\"> <span class=\"screen-reader-text\">AZ OKTAT\u00d3I TEV\u00c9KENYS\u00c9G HALLGAT\u00d3K \u00c1LTALI KI\u00c9RT\u00c9KEL\u00c9SE<\/span> Tov\u00e1bb &raquo;<\/a><\/p>\n","protected":false},"author":9,"featured_media":6591,"comment_status":"closed","ping_status":"closed","template":"","meta":{"_tribe_events_status":"","_tribe_events_status_reason":""},"tags":[],"tribe_events_cat":[14,18],"yoast_head":"<!-- This site is optimized with the Yoast SEO plugin v21.9.1 - https:\/\/yoast.com\/wordpress\/plugins\/seo\/ -->\n<title>AZ OKTAT\u00d3I TEV\u00c9KENYS\u00c9G HALLGAT\u00d3K \u00c1LTALI KI\u00c9RT\u00c9KEL\u00c9SE - Kommunik\u00e1ci\u00f3 \u00e9s PR iroda<\/title>\n<meta name=\"robots\" content=\"index, follow, max-snippet:-1, max-image-preview:large, max-video-preview:-1\" \/>\n<link rel=\"canonical\" href=\"https:\/\/news.ubbcluj.ro\/hu\/event\/az-oktatoi-tevekenyseg-hallgatok-altali-kiertekelese\/\" \/>\n<meta property=\"og:locale\" content=\"hu_HU\" \/>\n<meta property=\"og:type\" content=\"article\" \/>\n<meta property=\"og:title\" content=\"AZ OKTAT\u00d3I TEV\u00c9KENYS\u00c9G HALLGAT\u00d3K \u00c1LTALI KI\u00c9RT\u00c9KEL\u00c9SE - Kommunik\u00e1ci\u00f3 \u00e9s PR iroda\" \/>\n<meta property=\"og:description\" content=\"Kedves di\u00e1kok, Nagyon fontosnak tartjuk a v\u00e9lem\u00e9nyeteket az egyetemen zajl\u00f3 oktat\u00e1sr\u00f3l. Ez\u00e9rt k\u00e9r\u00fcnk, t\u00f6lts\u00e9tek ki az \u00e1ltalatok l\u00e1togatott el\u0151ad\u00e1sok, szemin\u00e1riumok vagy laborgyakorlatok min\u0151s\u00e9g\u00e9re vonatkoz\u00f3 online k\u00e9rd\u0151\u00edveket. A k\u00e9rd\u0151\u00edvek magyar, rom\u00e1n, n\u00e9met \u00e9s angol nyelven egyar\u00e1nt el\u00e9rhet\u0151ek. V\u00e1laszaitok nagym\u00e9rt\u00e9kben hozz\u00e1j\u00e1rulnak az &hellip; AZ OKTAT\u00d3I TEV\u00c9KENYS\u00c9G HALLGAT\u00d3K \u00c1LTALI KI\u00c9RT\u00c9KEL\u00c9SE Tov\u00e1bb &raquo;\" \/>\n<meta property=\"og:url\" content=\"https:\/\/news.ubbcluj.ro\/hu\/event\/az-oktatoi-tevekenyseg-hallgatok-altali-kiertekelese\/\" \/>\n<meta property=\"og:site_name\" content=\"Kommunik\u00e1ci\u00f3 \u00e9s PR iroda\" \/>\n<meta property=\"og:image\" content=\"https:\/\/news.ubbcluj.ro\/hu\/wp-content\/uploads\/2024\/04\/438927675_944795410982760_4191672525548753751_n.jpg\" \/>\n\t<meta property=\"og:image:width\" content=\"1080\" \/>\n\t<meta property=\"og:image:height\" content=\"1080\" \/>\n\t<meta property=\"og:image:type\" content=\"image\/jpeg\" \/>\n<meta name=\"twitter:card\" content=\"summary_large_image\" \/>\n<meta name=\"twitter:label1\" content=\"Becs\u00fclt olvas\u00e1si id\u0151\" \/>\n\t<meta name=\"twitter:data1\" content=\"2 perc\" \/>\n<script type=\"application\/ld+json\" class=\"yoast-schema-graph\">{\"@context\":\"https:\/\/schema.org\",\"@graph\":[{\"@type\":\"WebPage\",\"@id\":\"https:\/\/news.ubbcluj.ro\/hu\/event\/az-oktatoi-tevekenyseg-hallgatok-altali-kiertekelese\/\",\"url\":\"https:\/\/news.ubbcluj.ro\/hu\/event\/az-oktatoi-tevekenyseg-hallgatok-altali-kiertekelese\/\",\"name\":\"AZ OKTAT\u00d3I TEV\u00c9KENYS\u00c9G HALLGAT\u00d3K \u00c1LTALI KI\u00c9RT\u00c9KEL\u00c9SE - Kommunik\u00e1ci\u00f3 \u00e9s PR iroda\",\"isPartOf\":{\"@id\":\"https:\/\/news.ubbcluj.ro\/hu\/#website\"},\"datePublished\":\"2024-04-24T12:25:37+00:00\",\"dateModified\":\"2024-04-24T12:25:37+00:00\",\"breadcrumb\":{\"@id\":\"https:\/\/news.ubbcluj.ro\/hu\/event\/az-oktatoi-tevekenyseg-hallgatok-altali-kiertekelese\/#breadcrumb\"},\"inLanguage\":\"hu\",\"potentialAction\":[{\"@type\":\"ReadAction\",\"target\":[\"https:\/\/news.ubbcluj.ro\/hu\/event\/az-oktatoi-tevekenyseg-hallgatok-altali-kiertekelese\/\"]}]},{\"@type\":\"BreadcrumbList\",\"@id\":\"https:\/\/news.ubbcluj.ro\/hu\/event\/az-oktatoi-tevekenyseg-hallgatok-altali-kiertekelese\/#breadcrumb\",\"itemListElement\":[{\"@type\":\"ListItem\",\"position\":1,\"name\":\"Home\",\"item\":\"https:\/\/news.ubbcluj.ro\/hu\/\"},{\"@type\":\"ListItem\",\"position\":2,\"name\":\"Esem\u00e9nyek\",\"item\":\"https:\/\/news.ubbcluj.ro\/hu\/events\/\"},{\"@type\":\"ListItem\",\"position\":3,\"name\":\"AZ OKTAT\u00d3I TEV\u00c9KENYS\u00c9G HALLGAT\u00d3K \u00c1LTALI KI\u00c9RT\u00c9KEL\u00c9SE\"}]},{\"@type\":\"WebSite\",\"@id\":\"https:\/\/news.ubbcluj.ro\/hu\/#website\",\"url\":\"https:\/\/news.ubbcluj.ro\/hu\/\",\"name\":\"Kommunik\u00e1ci\u00f3 \u00e9s PR iroda\",\"description\":\"Babe\u0219-Bolyai Tudom\u00e1negyetem\",\"potentialAction\":[{\"@type\":\"SearchAction\",\"target\":{\"@type\":\"EntryPoint\",\"urlTemplate\":\"https:\/\/news.ubbcluj.ro\/hu\/?s={search_term_string}\"},\"query-input\":\"required name=search_term_string\"}],\"inLanguage\":\"hu\"}]}<\/script>\n<!-- \/ Yoast SEO plugin. -->","yoast_head_json":{"title":"AZ OKTAT\u00d3I TEV\u00c9KENYS\u00c9G HALLGAT\u00d3K \u00c1LTALI KI\u00c9RT\u00c9KEL\u00c9SE - Kommunik\u00e1ci\u00f3 \u00e9s PR iroda","robots":{"index":"index","follow":"follow","max-snippet":"max-snippet:-1","max-image-preview":"max-image-preview:large","max-video-preview":"max-video-preview:-1"},"canonical":"https:\/\/news.ubbcluj.ro\/hu\/event\/az-oktatoi-tevekenyseg-hallgatok-altali-kiertekelese\/","og_locale":"hu_HU","og_type":"article","og_title":"AZ OKTAT\u00d3I TEV\u00c9KENYS\u00c9G HALLGAT\u00d3K \u00c1LTALI KI\u00c9RT\u00c9KEL\u00c9SE - Kommunik\u00e1ci\u00f3 \u00e9s PR iroda","og_description":"Kedves di\u00e1kok, Nagyon fontosnak tartjuk a v\u00e9lem\u00e9nyeteket az egyetemen zajl\u00f3 oktat\u00e1sr\u00f3l. Ez\u00e9rt k\u00e9r\u00fcnk, t\u00f6lts\u00e9tek ki az \u00e1ltalatok l\u00e1togatott el\u0151ad\u00e1sok, szemin\u00e1riumok vagy laborgyakorlatok min\u0151s\u00e9g\u00e9re vonatkoz\u00f3 online k\u00e9rd\u0151\u00edveket. A k\u00e9rd\u0151\u00edvek magyar, rom\u00e1n, n\u00e9met \u00e9s angol nyelven egyar\u00e1nt el\u00e9rhet\u0151ek. V\u00e1laszaitok nagym\u00e9rt\u00e9kben hozz\u00e1j\u00e1rulnak az &hellip; AZ OKTAT\u00d3I TEV\u00c9KENYS\u00c9G HALLGAT\u00d3K \u00c1LTALI KI\u00c9RT\u00c9KEL\u00c9SE Tov\u00e1bb &raquo;","og_url":"https:\/\/news.ubbcluj.ro\/hu\/event\/az-oktatoi-tevekenyseg-hallgatok-altali-kiertekelese\/","og_site_name":"Kommunik\u00e1ci\u00f3 \u00e9s PR iroda","og_image":[{"width":1080,"height":1080,"url":"https:\/\/news.ubbcluj.ro\/hu\/wp-content\/uploads\/2024\/04\/438927675_944795410982760_4191672525548753751_n.jpg","type":"image\/jpeg"}],"twitter_card":"summary_large_image","twitter_misc":{"Becs\u00fclt olvas\u00e1si id\u0151":"2 perc"},"schema":{"@context":"https:\/\/schema.org","@graph":[{"@type":"WebPage","@id":"https:\/\/news.ubbcluj.ro\/hu\/event\/az-oktatoi-tevekenyseg-hallgatok-altali-kiertekelese\/","url":"https:\/\/news.ubbcluj.ro\/hu\/event\/az-oktatoi-tevekenyseg-hallgatok-altali-kiertekelese\/","name":"AZ OKTAT\u00d3I TEV\u00c9KENYS\u00c9G HALLGAT\u00d3K \u00c1LTALI KI\u00c9RT\u00c9KEL\u00c9SE - Kommunik\u00e1ci\u00f3 \u00e9s PR iroda","isPartOf":{"@id":"https:\/\/news.ubbcluj.ro\/hu\/#website"},"datePublished":"2024-04-24T12:25:37+00:00","dateModified":"2024-04-24T12:25:37+00:00","breadcrumb":{"@id":"https:\/\/news.ubbcluj.ro\/hu\/event\/az-oktatoi-tevekenyseg-hallgatok-altali-kiertekelese\/#breadcrumb"},"inLanguage":"hu","potentialAction":[{"@type":"ReadAction","target":["https:\/\/news.ubbcluj.ro\/hu\/event\/az-oktatoi-tevekenyseg-hallgatok-altali-kiertekelese\/"]}]},{"@type":"BreadcrumbList","@id":"https:\/\/news.ubbcluj.ro\/hu\/event\/az-oktatoi-tevekenyseg-hallgatok-altali-kiertekelese\/#breadcrumb","itemListElement":[{"@type":"ListItem","position":1,"name":"Home","item":"https:\/\/news.ubbcluj.ro\/hu\/"},{"@type":"ListItem","position":2,"name":"Esem\u00e9nyek","item":"https:\/\/news.ubbcluj.ro\/hu\/events\/"},{"@type":"ListItem","position":3,"name":"AZ OKTAT\u00d3I TEV\u00c9KENYS\u00c9G HALLGAT\u00d3K \u00c1LTALI KI\u00c9RT\u00c9KEL\u00c9SE"}]},{"@type":"WebSite","@id":"https:\/\/news.ubbcluj.ro\/hu\/#website","url":"https:\/\/news.ubbcluj.ro\/hu\/","name":"Kommunik\u00e1ci\u00f3 \u00e9s PR iroda","description":"Babe\u0219-Bolyai Tudom\u00e1negyetem","potentialAction":[{"@type":"SearchAction","target":{"@type":"EntryPoint","urlTemplate":"https:\/\/news.ubbcluj.ro\/hu\/?s={search_term_string}"},"query-input":"required name=search_term_string"}],"inLanguage":"hu"}]}},"_links":{"self":[{"href":"https:\/\/news.ubbcluj.ro\/hu\/wp-json\/wp\/v2\/tribe_events\/6589"}],"collection":[{"href":"https:\/\/news.ubbcluj.ro\/hu\/wp-json\/wp\/v2\/tribe_events"}],"about":[{"href":"https:\/\/news.ubbcluj.ro\/hu\/wp-json\/wp\/v2\/types\/tribe_events"}],"author":[{"embeddable":true,"href":"https:\/\/news.ubbcluj.ro\/hu\/wp-json\/wp\/v2\/users\/9"}],"replies":[{"embeddable":true,"href":"https:\/\/news.ubbcluj.ro\/hu\/wp-json\/wp\/v2\/comments?post=6589"}],"version-history":[{"count":1,"href":"https:\/\/news.ubbcluj.ro\/hu\/wp-json\/wp\/v2\/tribe_events\/6589\/revisions"}],"predecessor-version":[{"id":6592,"href":"https:\/\/news.ubbcluj.ro\/hu\/wp-json\/wp\/v2\/tribe_events\/6589\/revisions\/6592"}],"wp:featuredmedia":[{"embeddable":true,"href":"https:\/\/news.ubbcluj.ro\/hu\/wp-json\/wp\/v2\/media\/6591"}],"wp:attachment":[{"href":"https:\/\/news.ubbcluj.ro\/hu\/wp-json\/wp\/v2\/media?parent=6589"}],"wp:term":[{"taxonomy":"post_tag","embeddable":true,"href":"https:\/\/news.ubbcluj.ro\/hu\/wp-json\/wp\/v2\/tags?post=6589"},{"taxonomy":"tribe_events_cat","embeddable":true,"href":"https:\/\/news.ubbcluj.ro\/hu\/wp-json\/wp\/v2\/tribe_events_cat?post=6589"}],"curies":[{"name":"wp","href":"https:\/\/api.w.org\/{rel}","templated":true}]}}