{"id":6948,"date":"2025-03-07T15:43:50","date_gmt":"2025-03-07T13:43:50","guid":{"rendered":"https:\/\/news.ubbcluj.ro\/hu\/?post_type=tribe_events&#038;p=6948"},"modified":"2025-03-11T11:33:03","modified_gmt":"2025-03-11T09:33:03","slug":"kutatok-a-magyar-forradalom-es-szabadsagharc-torteneterol","status":"publish","type":"tribe_events","link":"https:\/\/news.ubbcluj.ro\/hu\/event\/kutatok-a-magyar-forradalom-es-szabadsagharc-torteneterol\/","title":{"rendered":"Kutat\u00f3k a magyar forradalom \u00e9s szabads\u00e1gharc t\u00f6rt\u00e9net\u00e9r\u0151l"},"content":{"rendered":"<div dir=\"auto\">A BBTE-n \u2013 szakmai m\u0171helyhez ill\u0151en \u2013 id\u00e9n is tudom\u00e1nyos el\u0151ad\u00e1sokkal \u00fcnnepel\u00fcnk. A rendezv\u00e9nyen az el\u0151ad\u00f3k olyan kutat\u00e1si eredm\u00e9nyeket ismertetnek az \u00e9rdekl\u0151d\u0151kkel, amelyek seg\u00edtenek meg\u00e9rteni \u00e9s m\u00e9lt\u00f3s\u00e1ggal \u00fcnnepelni a jeles esem\u00e9nyt \u00e9s kontextus\u00e1t.<\/div>\n<div dir=\"auto\">Fell\u00e9p a <span class=\"html-span xdj266r x11i5rnm xat24cr x1mh8g0r xexx8yu x4uap5 x18d9i69 xkhd6sd x1hl2dhg x16tdsg8 x1vvkbs\"><a class=\"x1i10hfl xjbqb8w x1ejq31n xd10rxx x1sy0etr x17r0tee x972fbf xcfux6l x1qhh985 xm0m39n x9f619 x1ypdohk xt0psk2 xe8uvvx xdj266r x11i5rnm xat24cr x1mh8g0r xexx8yu x4uap5 x18d9i69 xkhd6sd x16tdsg8 x1hl2dhg xggy1nq x1a2a7pz xkrqix3 x1sur9pj x1fey0fg x1s688f\" tabindex=\"0\" role=\"link\" href=\"https:\/\/www.facebook.com\/bbtertk?__cft__[0]=AZUeMAXR61tmz0s2zDKvrrqWxuKZsOV77pz3kHHPJzqopWQQu6lcxwTJnfBgxD7nGRw8YWGpyjPVddfJTZm5c3a90fOJYvR_pR93-zD3YwXtfNrX117aBjp9qd-AMyOJVxNyp9ylIUoQqkZFIyzSlW538V0v6P6PfGLq2qdS6uTIpUP8CqsvV8b6eHa6T0bpZHE&amp;__tn__=-]K-R\"><span class=\"xt0psk2\"><span class=\"xjp7ctv\"><span aria-describedby=\"\u00abr9p\u00bb\">BBTE Reform\u00e1tus Tan\u00e1rk\u00e9pz\u0151 \u00e9s Zenem\u0171v\u00e9szeti Kar<\/span><\/span><\/span><\/a><\/span>\u00e1nak k\u00f3rusa.<\/div>\n<div dir=\"auto\">Tal\u00e1lkozzunk m\u00e1rcius 14-\u00e9n, 12 \u00f3rakor a BBTE R\u00f3mai Katolikus Teol\u00f3gia Kar\u00e1nak d\u00edszterm\u00e9ben (Iuliu Maniu\/Szentegyh\u00e1z utca 5. sz.)!<\/div>\n<div dir=\"auto\"><img loading=\"lazy\" decoding=\"async\" class=\"aligncenter wp-image-6949 size-large\" src=\"https:\/\/news.ubbcluj.ro\/hu\/wp-content\/uploads\/2025\/03\/marc8-819x1024.jpg\" alt=\"\" width=\"605\" height=\"756\" data-id=\"6949\" srcset=\"https:\/\/news.ubbcluj.ro\/hu\/wp-content\/uploads\/2025\/03\/marc8-819x1024.jpg 819w, https:\/\/news.ubbcluj.ro\/hu\/wp-content\/uploads\/2025\/03\/marc8-240x300.jpg 240w, https:\/\/news.ubbcluj.ro\/hu\/wp-content\/uploads\/2025\/03\/marc8-768x960.jpg 768w, https:\/\/news.ubbcluj.ro\/hu\/wp-content\/uploads\/2025\/03\/marc8-1229x1536.jpg 1229w, https:\/\/news.ubbcluj.ro\/hu\/wp-content\/uploads\/2025\/03\/marc8-100x125.jpg 100w, https:\/\/news.ubbcluj.ro\/hu\/wp-content\/uploads\/2025\/03\/marc8-150x188.jpg 150w, https:\/\/news.ubbcluj.ro\/hu\/wp-content\/uploads\/2025\/03\/marc8-200x250.jpg 200w, https:\/\/news.ubbcluj.ro\/hu\/wp-content\/uploads\/2025\/03\/marc8-300x375.jpg 300w, https:\/\/news.ubbcluj.ro\/hu\/wp-content\/uploads\/2025\/03\/marc8-450x563.jpg 450w, https:\/\/news.ubbcluj.ro\/hu\/wp-content\/uploads\/2025\/03\/marc8-600x750.jpg 600w, https:\/\/news.ubbcluj.ro\/hu\/wp-content\/uploads\/2025\/03\/marc8-900x1125.jpg 900w, https:\/\/news.ubbcluj.ro\/hu\/wp-content\/uploads\/2025\/03\/marc8.jpg 1638w\" sizes=\"(max-width: 605px) 100vw, 605px\" \/><\/div>\n","protected":false},"excerpt":{"rendered":"<p>A BBTE-n \u2013 szakmai m\u0171helyhez ill\u0151en \u2013 id\u00e9n is tudom\u00e1nyos el\u0151ad\u00e1sokkal \u00fcnnepel\u00fcnk. A rendezv\u00e9nyen az el\u0151ad\u00f3k olyan kutat\u00e1si eredm\u00e9nyeket ismertetnek az \u00e9rdekl\u0151d\u0151kkel, amelyek seg\u00edtenek meg\u00e9rteni \u00e9s m\u00e9lt\u00f3s\u00e1ggal \u00fcnnepelni a jeles esem\u00e9nyt \u00e9s kontextus\u00e1t. Fell\u00e9p a BBTE Reform\u00e1tus Tan\u00e1rk\u00e9pz\u0151 \u00e9s Zenem\u0171v\u00e9szeti &hellip;<\/p>\n<p class=\"read-more\"> <a class=\"more-link\" href=\"https:\/\/news.ubbcluj.ro\/hu\/event\/kutatok-a-magyar-forradalom-es-szabadsagharc-torteneterol\/\"> <span class=\"screen-reader-text\">Kutat\u00f3k a magyar forradalom \u00e9s szabads\u00e1gharc t\u00f6rt\u00e9net\u00e9r\u0151l<\/span> Tov\u00e1bb &raquo;<\/a><\/p>\n","protected":false},"author":9,"featured_media":6949,"comment_status":"closed","ping_status":"closed","template":"","meta":{"_tribe_events_status":"","_tribe_events_status_reason":""},"tags":[],"tribe_events_cat":[14,18],"yoast_head":"<!-- This site is optimized with the Yoast SEO plugin v21.9.1 - https:\/\/yoast.com\/wordpress\/plugins\/seo\/ -->\n<title>Kutat\u00f3k a magyar forradalom \u00e9s szabads\u00e1gharc t\u00f6rt\u00e9net\u00e9r\u0151l - Kommunik\u00e1ci\u00f3 \u00e9s PR iroda<\/title>\n<meta name=\"robots\" content=\"index, follow, max-snippet:-1, max-image-preview:large, max-video-preview:-1\" \/>\n<link rel=\"canonical\" href=\"https:\/\/news.ubbcluj.ro\/hu\/event\/kutatok-a-magyar-forradalom-es-szabadsagharc-torteneterol\/\" \/>\n<meta property=\"og:locale\" content=\"hu_HU\" \/>\n<meta property=\"og:type\" content=\"article\" \/>\n<meta property=\"og:title\" content=\"Kutat\u00f3k a magyar forradalom \u00e9s szabads\u00e1gharc t\u00f6rt\u00e9net\u00e9r\u0151l - Kommunik\u00e1ci\u00f3 \u00e9s PR iroda\" \/>\n<meta property=\"og:description\" content=\"A BBTE-n \u2013 szakmai m\u0171helyhez ill\u0151en \u2013 id\u00e9n is tudom\u00e1nyos el\u0151ad\u00e1sokkal \u00fcnnepel\u00fcnk. A rendezv\u00e9nyen az el\u0151ad\u00f3k olyan kutat\u00e1si eredm\u00e9nyeket ismertetnek az \u00e9rdekl\u0151d\u0151kkel, amelyek seg\u00edtenek meg\u00e9rteni \u00e9s m\u00e9lt\u00f3s\u00e1ggal \u00fcnnepelni a jeles esem\u00e9nyt \u00e9s kontextus\u00e1t. Fell\u00e9p a BBTE Reform\u00e1tus Tan\u00e1rk\u00e9pz\u0151 \u00e9s Zenem\u0171v\u00e9szeti &hellip; Kutat\u00f3k a magyar forradalom \u00e9s szabads\u00e1gharc t\u00f6rt\u00e9net\u00e9r\u0151l Tov\u00e1bb &raquo;\" \/>\n<meta property=\"og:url\" content=\"https:\/\/news.ubbcluj.ro\/hu\/event\/kutatok-a-magyar-forradalom-es-szabadsagharc-torteneterol\/\" \/>\n<meta property=\"og:site_name\" content=\"Kommunik\u00e1ci\u00f3 \u00e9s PR iroda\" \/>\n<meta property=\"article:modified_time\" content=\"2025-03-11T09:33:03+00:00\" \/>\n<meta property=\"og:image\" content=\"https:\/\/news.ubbcluj.ro\/hu\/wp-content\/uploads\/2025\/03\/marc8.jpg\" \/>\n\t<meta property=\"og:image:width\" content=\"1638\" \/>\n\t<meta property=\"og:image:height\" content=\"2048\" \/>\n\t<meta property=\"og:image:type\" content=\"image\/jpeg\" \/>\n<meta name=\"twitter:card\" content=\"summary_large_image\" \/>\n<meta name=\"twitter:label1\" content=\"Becs\u00fclt olvas\u00e1si id\u0151\" \/>\n\t<meta name=\"twitter:data1\" content=\"1 perc\" \/>\n<script type=\"application\/ld+json\" class=\"yoast-schema-graph\">{\"@context\":\"https:\/\/schema.org\",\"@graph\":[{\"@type\":\"WebPage\",\"@id\":\"https:\/\/news.ubbcluj.ro\/hu\/event\/kutatok-a-magyar-forradalom-es-szabadsagharc-torteneterol\/\",\"url\":\"https:\/\/news.ubbcluj.ro\/hu\/event\/kutatok-a-magyar-forradalom-es-szabadsagharc-torteneterol\/\",\"name\":\"Kutat\u00f3k a magyar forradalom \u00e9s szabads\u00e1gharc t\u00f6rt\u00e9net\u00e9r\u0151l - Kommunik\u00e1ci\u00f3 \u00e9s PR iroda\",\"isPartOf\":{\"@id\":\"https:\/\/news.ubbcluj.ro\/hu\/#website\"},\"datePublished\":\"2025-03-07T13:43:50+00:00\",\"dateModified\":\"2025-03-11T09:33:03+00:00\",\"breadcrumb\":{\"@id\":\"https:\/\/news.ubbcluj.ro\/hu\/event\/kutatok-a-magyar-forradalom-es-szabadsagharc-torteneterol\/#breadcrumb\"},\"inLanguage\":\"hu\",\"potentialAction\":[{\"@type\":\"ReadAction\",\"target\":[\"https:\/\/news.ubbcluj.ro\/hu\/event\/kutatok-a-magyar-forradalom-es-szabadsagharc-torteneterol\/\"]}]},{\"@type\":\"BreadcrumbList\",\"@id\":\"https:\/\/news.ubbcluj.ro\/hu\/event\/kutatok-a-magyar-forradalom-es-szabadsagharc-torteneterol\/#breadcrumb\",\"itemListElement\":[{\"@type\":\"ListItem\",\"position\":1,\"name\":\"Home\",\"item\":\"https:\/\/news.ubbcluj.ro\/hu\/\"},{\"@type\":\"ListItem\",\"position\":2,\"name\":\"Esem\u00e9nyek\",\"item\":\"https:\/\/news.ubbcluj.ro\/hu\/events\/\"},{\"@type\":\"ListItem\",\"position\":3,\"name\":\"Kutat\u00f3k a magyar forradalom \u00e9s szabads\u00e1gharc t\u00f6rt\u00e9net\u00e9r\u0151l\"}]},{\"@type\":\"WebSite\",\"@id\":\"https:\/\/news.ubbcluj.ro\/hu\/#website\",\"url\":\"https:\/\/news.ubbcluj.ro\/hu\/\",\"name\":\"Kommunik\u00e1ci\u00f3 \u00e9s PR iroda\",\"description\":\"Babe\u0219-Bolyai Tudom\u00e1negyetem\",\"potentialAction\":[{\"@type\":\"SearchAction\",\"target\":{\"@type\":\"EntryPoint\",\"urlTemplate\":\"https:\/\/news.ubbcluj.ro\/hu\/?s={search_term_string}\"},\"query-input\":\"required name=search_term_string\"}],\"inLanguage\":\"hu\"}]}<\/script>\n<!-- \/ Yoast SEO plugin. -->","yoast_head_json":{"title":"Kutat\u00f3k a magyar forradalom \u00e9s szabads\u00e1gharc t\u00f6rt\u00e9net\u00e9r\u0151l - Kommunik\u00e1ci\u00f3 \u00e9s PR iroda","robots":{"index":"index","follow":"follow","max-snippet":"max-snippet:-1","max-image-preview":"max-image-preview:large","max-video-preview":"max-video-preview:-1"},"canonical":"https:\/\/news.ubbcluj.ro\/hu\/event\/kutatok-a-magyar-forradalom-es-szabadsagharc-torteneterol\/","og_locale":"hu_HU","og_type":"article","og_title":"Kutat\u00f3k a magyar forradalom \u00e9s szabads\u00e1gharc t\u00f6rt\u00e9net\u00e9r\u0151l - Kommunik\u00e1ci\u00f3 \u00e9s PR iroda","og_description":"A BBTE-n \u2013 szakmai m\u0171helyhez ill\u0151en \u2013 id\u00e9n is tudom\u00e1nyos el\u0151ad\u00e1sokkal \u00fcnnepel\u00fcnk. A rendezv\u00e9nyen az el\u0151ad\u00f3k olyan kutat\u00e1si eredm\u00e9nyeket ismertetnek az \u00e9rdekl\u0151d\u0151kkel, amelyek seg\u00edtenek meg\u00e9rteni \u00e9s m\u00e9lt\u00f3s\u00e1ggal \u00fcnnepelni a jeles esem\u00e9nyt \u00e9s kontextus\u00e1t. Fell\u00e9p a BBTE Reform\u00e1tus Tan\u00e1rk\u00e9pz\u0151 \u00e9s Zenem\u0171v\u00e9szeti &hellip; Kutat\u00f3k a magyar forradalom \u00e9s szabads\u00e1gharc t\u00f6rt\u00e9net\u00e9r\u0151l Tov\u00e1bb &raquo;","og_url":"https:\/\/news.ubbcluj.ro\/hu\/event\/kutatok-a-magyar-forradalom-es-szabadsagharc-torteneterol\/","og_site_name":"Kommunik\u00e1ci\u00f3 \u00e9s PR iroda","article_modified_time":"2025-03-11T09:33:03+00:00","og_image":[{"width":1638,"height":2048,"url":"https:\/\/news.ubbcluj.ro\/hu\/wp-content\/uploads\/2025\/03\/marc8.jpg","type":"image\/jpeg"}],"twitter_card":"summary_large_image","twitter_misc":{"Becs\u00fclt olvas\u00e1si id\u0151":"1 perc"},"schema":{"@context":"https:\/\/schema.org","@graph":[{"@type":"WebPage","@id":"https:\/\/news.ubbcluj.ro\/hu\/event\/kutatok-a-magyar-forradalom-es-szabadsagharc-torteneterol\/","url":"https:\/\/news.ubbcluj.ro\/hu\/event\/kutatok-a-magyar-forradalom-es-szabadsagharc-torteneterol\/","name":"Kutat\u00f3k a magyar forradalom \u00e9s szabads\u00e1gharc t\u00f6rt\u00e9net\u00e9r\u0151l - Kommunik\u00e1ci\u00f3 \u00e9s PR iroda","isPartOf":{"@id":"https:\/\/news.ubbcluj.ro\/hu\/#website"},"datePublished":"2025-03-07T13:43:50+00:00","dateModified":"2025-03-11T09:33:03+00:00","breadcrumb":{"@id":"https:\/\/news.ubbcluj.ro\/hu\/event\/kutatok-a-magyar-forradalom-es-szabadsagharc-torteneterol\/#breadcrumb"},"inLanguage":"hu","potentialAction":[{"@type":"ReadAction","target":["https:\/\/news.ubbcluj.ro\/hu\/event\/kutatok-a-magyar-forradalom-es-szabadsagharc-torteneterol\/"]}]},{"@type":"BreadcrumbList","@id":"https:\/\/news.ubbcluj.ro\/hu\/event\/kutatok-a-magyar-forradalom-es-szabadsagharc-torteneterol\/#breadcrumb","itemListElement":[{"@type":"ListItem","position":1,"name":"Home","item":"https:\/\/news.ubbcluj.ro\/hu\/"},{"@type":"ListItem","position":2,"name":"Esem\u00e9nyek","item":"https:\/\/news.ubbcluj.ro\/hu\/events\/"},{"@type":"ListItem","position":3,"name":"Kutat\u00f3k a magyar forradalom \u00e9s szabads\u00e1gharc t\u00f6rt\u00e9net\u00e9r\u0151l"}]},{"@type":"WebSite","@id":"https:\/\/news.ubbcluj.ro\/hu\/#website","url":"https:\/\/news.ubbcluj.ro\/hu\/","name":"Kommunik\u00e1ci\u00f3 \u00e9s PR iroda","description":"Babe\u0219-Bolyai Tudom\u00e1negyetem","potentialAction":[{"@type":"SearchAction","target":{"@type":"EntryPoint","urlTemplate":"https:\/\/news.ubbcluj.ro\/hu\/?s={search_term_string}"},"query-input":"required name=search_term_string"}],"inLanguage":"hu"}]}},"_links":{"self":[{"href":"https:\/\/news.ubbcluj.ro\/hu\/wp-json\/wp\/v2\/tribe_events\/6948"}],"collection":[{"href":"https:\/\/news.ubbcluj.ro\/hu\/wp-json\/wp\/v2\/tribe_events"}],"about":[{"href":"https:\/\/news.ubbcluj.ro\/hu\/wp-json\/wp\/v2\/types\/tribe_events"}],"author":[{"embeddable":true,"href":"https:\/\/news.ubbcluj.ro\/hu\/wp-json\/wp\/v2\/users\/9"}],"replies":[{"embeddable":true,"href":"https:\/\/news.ubbcluj.ro\/hu\/wp-json\/wp\/v2\/comments?post=6948"}],"version-history":[{"count":1,"href":"https:\/\/news.ubbcluj.ro\/hu\/wp-json\/wp\/v2\/tribe_events\/6948\/revisions"}],"predecessor-version":[{"id":6951,"href":"https:\/\/news.ubbcluj.ro\/hu\/wp-json\/wp\/v2\/tribe_events\/6948\/revisions\/6951"}],"wp:featuredmedia":[{"embeddable":true,"href":"https:\/\/news.ubbcluj.ro\/hu\/wp-json\/wp\/v2\/media\/6949"}],"wp:attachment":[{"href":"https:\/\/news.ubbcluj.ro\/hu\/wp-json\/wp\/v2\/media?parent=6948"}],"wp:term":[{"taxonomy":"post_tag","embeddable":true,"href":"https:\/\/news.ubbcluj.ro\/hu\/wp-json\/wp\/v2\/tags?post=6948"},{"taxonomy":"tribe_events_cat","embeddable":true,"href":"https:\/\/news.ubbcluj.ro\/hu\/wp-json\/wp\/v2\/tribe_events_cat?post=6948"}],"curies":[{"name":"wp","href":"https:\/\/api.w.org\/{rel}","templated":true}]}}