{"id":7234,"date":"2025-11-04T16:49:48","date_gmt":"2025-11-04T14:49:48","guid":{"rendered":"https:\/\/news.ubbcluj.ro\/hu\/?post_type=tribe_events&#038;p=7234"},"modified":"2025-11-04T16:49:48","modified_gmt":"2025-11-04T14:49:48","slug":"250-eves-felsofoku-orvosi-oktatas-kolozsvaron","status":"publish","type":"tribe_events","link":"https:\/\/news.ubbcluj.ro\/hu\/event\/250-eves-felsofoku-orvosi-oktatas-kolozsvaron\/","title":{"rendered":"250 \u00e9ves fels\u0151fok\u00fa orvosi oktat\u00e1s Kolozsv\u00e1ron"},"content":{"rendered":"<div class=\"\" data-block=\"true\" data-editor=\"fonnt\" data-offset-key=\"aogqa-0-0\">\n<div class=\"_1mf _1mj\" data-offset-key=\"aogqa-0-0\"><span data-offset-key=\"aogqa-0-0\">1775. janu\u00e1r 26-\u00e1n kelt rendelet\u00e9vel M\u00e1ria Ter\u00e9zia cs\u00e1sz\u00e1rn\u0151 Orvosi Kart l\u00e9tes\u00edtett Kolozsv\u00e1rt. A BBTE a fels\u0151fok\u00fa orvosi oktat\u00e1s 250 esztendej\u00e9r\u0151l eml\u00e9kezik meg Kolozsv\u00e1ron.<\/span><\/div>\n<div class=\"_1mf _1mj\" data-offset-key=\"aogqa-0-0\"><span data-offset-key=\"aogqa-0-0\">A nemzetk\u00f6zi konferenci\u00e1ra 2025. november 6-\u00e1n, cs\u00fct\u00f6rt\u00f6k\u00f6n ker\u00fcl sor a BBTE Aula Magna term\u00e9ben.<\/span><\/div>\n<div data-offset-key=\"aogqa-0-0\">\n<p><strong><em>Az el\u0151ad\u00e1sokhoz ford\u00edt\u00e1st biztos\u00edtunk!<\/em><\/strong><\/p>\n<\/div>\n<\/div>\n<div class=\"\" data-block=\"true\" data-editor=\"fonnt\" data-offset-key=\"dmkse-0-0\">\n<table style=\"width: 63.0317%;\">\n<tbody>\n<tr>\n<td style=\"width: 10.5044%;\" width=\"83\">9.00-9.20<\/td>\n<td style=\"width: 50.1341%;\" width=\"197\">Discursuri de deschidere \/<\/p>\n<p><em>\u00dcdv\u00f6zl\u0151 besz\u00e9dek<\/em><\/td>\n<td style=\"width: 95.4756%;\" width=\"292\">Prof. univ. <strong>dr. Adrian Petru\u0219el<\/strong>, Rector al Universit\u0103tii Babe\u0219-Bolyai \/ <em>Dr. Adrian Petru\u0219el egyetemi tan\u00e1r, a BBTE rektora<\/em><\/p>\n<p>Prof. univ. <strong>dr. Mark\u00f3 B\u00e1lint<\/strong>, Prorector al Universit\u0103tii Babe\u0219-Bolyai \/ <em>Dr. Mark\u00f3 B\u00e1lint egyetemi tan\u00e1r, a BBTE rektorhelyettese<\/em><\/p>\n<p>Prof. univ. <strong>dr. Ovidiu Augustin Ghitta<\/strong>, Decanul Facult\u0103\u021bii de Istorie \u0219i Filosofie, UBB \/ <em>Dr. Ovidiu Augustin Ghitta egyetemi tan\u00e1r, a T\u00f6rt\u00e9nelem \u00e9s Filoz\u00f3fia Kar d\u00e9k\u00e1nja<\/em><\/td>\n<\/tr>\n<tr>\n<td style=\"width: 156.114%;\" colspan=\"3\" width=\"572\"><strong>Sec\u021biunea 1 \/ <em>1. \u00fcl\u00e9sszak<\/em> (Moderator \/ <em>Moder\u00e1tor<\/em>: Toth Szil\u00e1rd)<\/strong><\/td>\n<\/tr>\n<tr>\n<td style=\"width: 10.5044%;\" width=\"83\">9.20-9.40<\/td>\n<td style=\"width: 50.1341%;\" width=\"197\"><strong>Szab\u00f3 Katalin<\/strong> (Universitatea de Medicin\u0103 Semmelweis, Budapesta \/ <em>Semmelweis Orvostudom\u00e1nyi Egyetem<\/em>)<\/td>\n<td style=\"width: 95.4756%;\" width=\"292\"><em>Borb\u00e9lyok, sebmesterek, seborvosok k\u00e9pz\u00e9se a Magyar Kir\u00e1lys\u00e1gban a 17. sz\u00e1zadt\u00f3l a 19. sz\u00e1zad utols\u00f3 harmad\u00e1ig<\/em> (Educa\u021bia b\u0103rbierilor chirurgi, mae\u0219trilor \u0219i medicilor chirurgi \u00een Regatul Ungariei din secolul al XVII-lea p\u00e2n\u0103 \u00een ultima treime a secolului al XIX-lea)<\/td>\n<\/tr>\n<tr>\n<td style=\"width: 10.5044%;\" width=\"83\">9.40-10.00<\/td>\n<td style=\"width: 50.1341%;\" width=\"197\"><strong>Forrai Judit<\/strong> (Universitatea de Medicin\u0103 Semmelweis, Budapesta \/ <em>Semmelweis Orvostudom\u00e1nyi Egyetem<\/em>)<\/td>\n<td style=\"width: 95.4756%;\" width=\"292\"><em>A borb\u00e9ly-seb\u00e9szek \u00e9s a fog\u00e1szat a 18-19. sz\u00e1zadban<\/em><\/p>\n<p>(B\u0103rbieri chirurgi \u0219i medicina dentar\u0103 \u00een sec. XVIII-XIX.)<\/td>\n<\/tr>\n<tr>\n<td style=\"width: 10.5044%;\" width=\"83\">10.00-10.20<\/td>\n<td style=\"width: 50.1341%;\" width=\"197\"><strong>Robert Offner<\/strong> (Spitalul Universitar Regensburg, Germania \/ <em>Regensburgi Egyetemi K\u00f3rh\u00e1z, N\u00e9metorsz\u00e1g<\/em>)<\/td>\n<td style=\"width: 95.4756%;\" width=\"292\"><em>Orvos- \u00e9s seb\u00e9szk\u00e9pz\u00e9s a 18.-19. sz\u00e1zadi Habsburg Birodalomban<\/em> (Educa\u021bia medicilor \u0219i chirurgilor \u00een Monarhia Habsburgic\u0103 \u00een sec. XVIII-XIX.)<\/td>\n<\/tr>\n<tr>\n<td style=\"width: 10.5044%;\" width=\"83\">10.20-10.40<\/td>\n<td style=\"width: 50.1341%;\" width=\"197\"><strong>Gaal Gy\u00f6rgy<\/strong> (Asocia\u021bia Muzeului Ardelean \/ <em>Erd\u00e9lyi M\u00fazeum-Egyes\u00fclet<\/em>)<\/td>\n<td style=\"width: 95.4756%;\" width=\"292\"><em>A kolozsv\u00e1ri Orvos-seb\u00e9szi Tanint\u00e9zet alap\u00edt\u00e1sa \u00e9s \u00e1tszervez\u00e9sei<\/em> (Fondarea \u0219i reorganiz\u0103rile Institutului Medico-Chirurgical din Cluj)<\/td>\n<\/tr>\n<tr>\n<td style=\"width: 10.5044%;\" width=\"83\">10.40-11.00<\/td>\n<td style=\"width: 145.61%;\" colspan=\"2\" width=\"489\">Dezbateri \/ Vita<\/td>\n<\/tr>\n<tr>\n<td style=\"width: 10.5044%;\" width=\"83\">11.00-11.20<\/td>\n<td style=\"width: 145.61%;\" colspan=\"2\" width=\"489\">Pauz\u0103 \/ Sz\u00fcnet<\/td>\n<\/tr>\n<tr>\n<td style=\"width: 156.114%;\" colspan=\"3\" width=\"572\"><strong>Sec\u021biunea 2 \/ <em>2. \u00fcl\u00e9sszak<\/em> (Moderator \/ <em>Moder\u00e1tor<\/em>: Robert Offner)<\/strong><\/td>\n<\/tr>\n<tr>\n<td style=\"width: 10.5044%;\" width=\"83\">11.20-11.40<\/td>\n<td style=\"width: 50.1341%;\" width=\"197\"><strong>Kr\u00e1sz Lilla<\/strong> (Universitatea E\u00f6tv\u00f6s Lor\u00e1nd Budapesta \/ <em>E\u00f6tv\u00f6s Lor\u00e1nd Tudom\u00e1nyegyetem, Budapest<\/em>)<\/td>\n<td style=\"width: 95.4756%;\" width=\"292\"><em>B\u00e1bak\u00e9pz\u00e9s \u00e9s sz\u00fcl\u00e9szeti gyakorlat a Magyar Kir\u00e1lys\u00e1gban, 1770-1820<\/em> (Practica moa\u0219elor \u0219i a obstetricienilor\u00a0 \u00een Regatul Maghiar, 1770-1820)<\/td>\n<\/tr>\n<tr>\n<td style=\"width: 10.5044%;\" width=\"83\">11.40-12.00<\/td>\n<td style=\"width: 50.1341%;\" width=\"197\"><strong>Kutasy Tam\u00e1s<\/strong> (Viena, Austria \/ <em>B\u00e9cs, Ausztria<\/em>)<\/td>\n<td style=\"width: 95.4756%;\" width=\"292\"><em>Sp\u00e1nyik J\u00f3zsef seb\u00e9szn\u00f6vend\u00e9knek a kolozsv\u00e1ri Orvos-seb\u00e9szi Tanint\u00e9zetre vonatkoz\u00f3 feljegyz\u00e9sei<\/em><\/p>\n<p>(Notele studentului chirurg J\u00f3zsef Sp\u00e1nyik despre reorganiz\u0103rile Institutul Medico-Chirurgical din Cluj)<\/td>\n<\/tr>\n<tr>\n<td style=\"width: 10.5044%;\" width=\"83\">12.00-12.20<\/td>\n<td style=\"width: 50.1341%;\" width=\"197\"><strong>Feh\u00e9r Andrea<\/strong> (Universitatea Babe\u0219\u2013Bolyai \/ <em>Babe\u0219\u2013Bolyai Tudom\u00e1nyegyetem<\/em>)<\/td>\n<td style=\"width: 95.4756%;\" width=\"292\"><em>Egy 18. sz\u00e1zadi kolozsv\u00e1ri orvos eml\u00e9kezete: I. Pataki S\u00e1muel hagyat\u00e9k\u00e1nak tanuls\u00e1gai<\/em> (Comemorarea unui medic clujean din sec. XVIII. Concluzii despre mo\u0219tenirea lui S\u00e1muel Pataki I.)<\/td>\n<\/tr>\n<tr>\n<td style=\"width: 10.5044%;\" width=\"83\">12.20-12.40<\/td>\n<td style=\"width: 50.1341%;\" width=\"197\"><strong>Oana Sorescu-Iudean<\/strong> (Universitatea Babe\u0219\u2013Bolyai \/ <em>Babe\u0219\u2013Bolyai Tudom\u00e1nyegyetem<\/em>)<\/td>\n<td style=\"width: 95.4756%;\" width=\"292\"><em>\u00cengrijirea medical\u0103 \u00een Sibiul \u0219i Bra\u0219ovul secolului XVIII. Costuri, accesibilitate, caracteristici<\/em>. (Orvosi ell\u00e1t\u00e1s a 18. sz\u00e1zadi Szebenben \u00e9s Brass\u00f3ban. K\u00f6lts\u00e9gek, hozz\u00e1f\u00e9rhet\u0151s\u00e9g, jellemz\u0151k.)<\/td>\n<\/tr>\n<tr>\n<td style=\"width: 10.5044%;\" width=\"83\">12.40-13.00<\/td>\n<td style=\"width: 145.61%;\" colspan=\"2\" width=\"489\">Dezbateri \/ <em>Vita<\/em><\/td>\n<\/tr>\n<tr>\n<td style=\"width: 10.5044%;\" width=\"83\">13.00-14.00<\/td>\n<td style=\"width: 145.61%;\" colspan=\"2\" width=\"489\">Pauz\u0103 \/ S<em>z\u00fcnet<\/em><\/td>\n<\/tr>\n<tr>\n<td style=\"width: 156.114%;\" colspan=\"3\" width=\"572\"><strong>Sec\u021biunea 3\/ <em>3. \u00fcl\u00e9sszak<\/em> (Moderator \/ <em>Moder\u00e1tor<\/em>: Gaal Gy\u00f6rgy)<\/strong><\/td>\n<\/tr>\n<tr>\n<td style=\"width: 10.5044%;\" width=\"83\">14.00-14.20<\/td>\n<td style=\"width: 50.1341%;\" width=\"197\"><strong>Heged\u0171s Nicoleta<\/strong> (Institutul de Istorie \u201eGeorge Bari\u021biu\u201d \/ <em>\u201eGeorge Bari\u021biu\u201d T\u00f6rt\u00e9neti Int\u00e9zet<\/em>)<\/td>\n<td style=\"width: 95.4756%;\" width=\"292\"><em>Betegek \u00e9s k\u00f3rh\u00e1zi ell\u00e1t\u00e1s Kolozsv\u00e1ron. Az Orsz\u00e1gos Karolina K\u00f3rh\u00e1z betegfelv\u00e9teli t\u00f6rzsk\u00f6nyve 1877-b\u0151l.<\/em> (Pacien\u021bi \u0219i \u00eengrijire spitaliceasc\u0103 \u00een Cluj. Registrul pacien\u021bilor de la Spitalul de Stat Carolina din 1877)<\/td>\n<\/tr>\n<tr>\n<td style=\"width: 10.5044%;\" width=\"83\">14.20-14.40<\/td>\n<td style=\"width: 50.1341%;\" width=\"197\"><strong>Kiss L\u00e1szl\u00f3<\/strong> (\u010cili\u017esk\u00e1 Radva\u0148, Slovacia \/ <em>Csilizradv\u00e1ny, Slovakia<\/em>)<\/td>\n<td style=\"width: 95.4756%;\" width=\"292\"><em>Nagel Emil, a kolozsv\u00e1ri Orvos Seb\u00e9sz Tanint\u00e9zet h\u00edres seb\u00e9sz- \u00e9s szem\u00e9sztan\u00e1ra 1852 \u00e9s 1867 k\u00f6z\u00f6tt<\/em> (Emil Nagel, profesor de chirurgie \u0219i oftalmologie la Institutul Medico-Chirurgical din Cluj \u00eentre 1852 \u0219i 1867)<\/td>\n<\/tr>\n<tr>\n<td style=\"width: 10.5044%;\" width=\"83\">14.40-15.00<\/td>\n<td style=\"width: 50.1341%;\" width=\"197\"><strong>Vajda Tam\u00e1s<\/strong> (Universitatea din Szeged \/ <em>Szegedi Tudom\u00e1nyegyetem<\/em>)<\/td>\n<td style=\"width: 95.4756%;\" width=\"292\"><em>Orvos-Seb\u00e9szeti Tanint\u00e9zet \u00e1llapota a Kiegyez\u00e9s ut\u00e1n \u00e9s az 1868\u20131872 k\u00f6z\u00f6tti fejleszt\u00e9se<\/em> (Condi\u021bia Institutului Medico-Chirurgical dup\u0103 compromisul austro-ungar \u0219i dezvolt\u0103rile sale din 1868\u20131872)<\/td>\n<\/tr>\n<tr>\n<td style=\"width: 10.5044%;\" width=\"83\">15.00-15.20<\/td>\n<td style=\"width: 50.1341%;\" width=\"197\"><strong>N\u00f3gr\u00e1di Antal<\/strong> (Universitatea din Szeged \/ <em>Szegedi Tudom\u00e1nyegyetem<\/em>)<\/td>\n<td style=\"width: 95.4756%;\" width=\"292\"><em>Anat\u00f3miaoktat\u00e1s az orvos-seb\u00e9szk\u00e9pz\u00e9s korai id\u0151szak\u00e1ban \u00e9s a Kolozsv\u00e1ri Tudom\u00e1nyegyetem megalakul\u00e1sa ut\u00e1n<\/em> (Educa\u021bia anatomic\u0103 \u00een primii ani ai form\u0103rii medicale \u0219i chirurgicale \u0219i dup\u0103 \u00eenfiin\u021barea Universit\u0103\u021bii din Cluj)<\/td>\n<\/tr>\n<tr>\n<td style=\"width: 10.5044%;\" width=\"83\">15.20-15.40<\/td>\n<td style=\"width: 145.61%;\" colspan=\"2\" width=\"489\">Dezbateri\/<em>Vita<\/em><\/td>\n<\/tr>\n<tr>\n<td style=\"width: 10.5044%;\" width=\"83\">15.40-16.00<\/td>\n<td style=\"width: 145.61%;\" colspan=\"2\" width=\"489\">Pauz\u0103\/<em>Sz\u00fcnet<\/em><\/td>\n<\/tr>\n<tr>\n<td style=\"width: 156.114%;\" colspan=\"3\" width=\"572\"><strong>Sec\u021biunea 4\/ <em>4. \u00fcl\u00e9sszak<\/em> (Moderator\/<em>Moder\u00e1tor<\/em>: Feh\u00e9r Andrea)<\/strong><\/td>\n<\/tr>\n<tr>\n<td style=\"width: 10.5044%;\" width=\"83\">16.00-16.20<\/td>\n<td style=\"width: 50.1341%;\" width=\"197\"><strong>Stan Ana-Maria<\/strong> (Universitatea Babe\u0219\u2013Bolyai \/ <em>Babe\u0219\u2013Bolyai Tudom\u00e1nyegyetem<\/em>)<\/p>\n<p>&nbsp;<\/td>\n<td style=\"width: 95.4756%;\" width=\"292\"><em>\u00cenceputurile \u00eenv\u0103\u021b\u0103m\u00e2ntului medico-chirurgical din Cluj oglindite \u00een istoriografia rom\u00e2neasc\u0103 a secolului XX \u2013 c\u00e2teva considera\u021bii<\/em> (N\u00e9h\u00e1ny szempont a kolozsv\u00e1ri orvos-seb\u00e9szeti k\u00e9pz\u00e9s kezdeteinek feldolgoz\u00e1s\u00e1hoz a 20. sz\u00e1zadi rom\u00e1n t\u00f6rt\u00e9net\u00edr\u00e1sban)<\/td>\n<\/tr>\n<tr>\n<td style=\"width: 10.5044%;\" width=\"83\">16.20-16.40<\/td>\n<td style=\"width: 50.1341%;\" width=\"197\"><strong>Ana-Maria Gruia<\/strong> (Muzeul Farmaciei Cluj \/ <em>Kolozsv\u00e1ri Gy\u00f3gyszer\u00e9szeti M\u00fazeum<\/em>)<\/td>\n<td style=\"width: 95.4756%;\" width=\"292\"><em>Combaterea sifilisului pe vremea Institutului Medico-Chirurgical (1775-1872) <\/em>(A szifilisz elleni k\u00fczdelem az Orvosi-Seb\u00e9szeti Tanint\u00e9zet idej\u00e9n [1775-1872])<\/td>\n<\/tr>\n<tr>\n<td style=\"width: 10.5044%;\" width=\"83\">16.40-17.00<\/td>\n<td style=\"width: 50.1341%;\" width=\"197\"><strong>Daniela M\u00e2rza<\/strong> (Centrul de Studii Transilvane \/ <em>Erd\u00e9lyi Tanulm\u00e1nyok K\u00f6zpontja<\/em>)<\/p>\n<p>&nbsp;<\/td>\n<td style=\"width: 95.4756%;\" width=\"292\"><em>Politici \u0219i practici privind \u00eengrijirea medical\u0103 matern\u0103 \u00een Rom\u00e2nia interbelic\u0103 <\/em>(Az any\u00e1k orvosi ell\u00e1t\u00e1s\u00e1hoz kapcsol\u00f3d\u00f3 szab\u00e1lyoz\u00e1sok \u00e9s gyakorlatok Rom\u00e1ni\u00e1ban a k\u00e9t vil\u00e1gh\u00e1bor\u00fa k\u00f6z\u00f6tt)<\/td>\n<\/tr>\n<tr>\n<td style=\"width: 10.5044%;\" width=\"83\">17.00-17.20<\/td>\n<td style=\"width: 50.1341%;\" width=\"197\"><strong>Toth Szil\u00e1rd<\/strong> (Universitatea Babe\u0219\u2013Bolyai\/ <em>Babe\u0219\u2013Bolyai Tudom\u00e1nyegyetem<\/em>)<\/td>\n<td style=\"width: 95.4756%;\" width=\"292\"><em>Gy\u00f3gyszer\u00e9szhallgat\u00f3k v\u00e1ndor\u00faton: A kolozsv\u00e1ri \u00e9s budapesti gy\u00f3gyszer\u00e9szhallgat\u00f3k 10 h\u00f3napos deport\u00e1l\u00e1sa N\u00e9metorsz\u00e1gba <\/em>(1944\u20131945) (Studen\u021bi la farmacie pe drum: Deportarea de 10 luni \u00een Germania a studen\u021bilor la farmacie din Cluj \u0219i Budapesta \u00een Germania [1944\u20131945])<\/td>\n<\/tr>\n<tr>\n<td style=\"width: 10.5044%;\" width=\"83\">17.20-17.40<\/td>\n<td style=\"width: 145.61%;\" colspan=\"2\" width=\"489\">Dezbateri \/ <em>Vita<\/em><\/td>\n<\/tr>\n<tr>\n<td style=\"width: 10.5044%;\" width=\"83\">17.40-18.00<\/td>\n<td style=\"width: 145.61%;\" colspan=\"2\" width=\"489\">Pauz\u0103 \/ <em>Sz\u00fcnet<\/em><\/td>\n<\/tr>\n<tr>\n<td style=\"width: 10.5044%;\" width=\"83\">18.00-18.30<\/td>\n<td style=\"width: 145.61%;\" colspan=\"2\" width=\"489\">Lansare de carte \/ <em>K\u00f6nyvbemutat\u00f3<\/em>: <strong>Gaal Gy\u00f6rgy \u2013 Robert Offner<\/strong>: <em>A kolozsv\u00e1ri f\u0151iskolai seborvosk\u00e9pz\u00e9s els\u0151 \u00e9vsz\u00e1zada (1775-1872\/5)<\/em> (Primul secol de preg\u0103tire superioar\u0103 a chirurgilor din Cluj [1775-1872\/5])<\/td>\n<\/tr>\n<tr>\n<td style=\"width: 10.5044%;\" width=\"83\">18.30-18.40<\/td>\n<td style=\"width: 145.61%;\" colspan=\"2\" width=\"489\">Cuv\u00e2nt de \u00eencheiere \/ <em>Z\u00e1r\u00f3besz\u00e9d<\/em><\/td>\n<\/tr>\n<\/tbody>\n<\/table>\n<\/div>\n","protected":false},"excerpt":{"rendered":"<p>1775. janu\u00e1r 26-\u00e1n kelt rendelet\u00e9vel M\u00e1ria Ter\u00e9zia cs\u00e1sz\u00e1rn\u0151 Orvosi Kart l\u00e9tes\u00edtett Kolozsv\u00e1rt. A BBTE a fels\u0151fok\u00fa orvosi oktat\u00e1s 250 esztendej\u00e9r\u0151l eml\u00e9kezik meg Kolozsv\u00e1ron. A nemzetk\u00f6zi konferenci\u00e1ra 2025. november 6-\u00e1n, cs\u00fct\u00f6rt\u00f6k\u00f6n ker\u00fcl sor a BBTE Aula Magna term\u00e9ben. Az el\u0151ad\u00e1sokhoz ford\u00edt\u00e1st &hellip;<\/p>\n<p class=\"read-more\"> <a class=\"more-link\" href=\"https:\/\/news.ubbcluj.ro\/hu\/event\/250-eves-felsofoku-orvosi-oktatas-kolozsvaron\/\"> <span class=\"screen-reader-text\">250 \u00e9ves fels\u0151fok\u00fa orvosi oktat\u00e1s Kolozsv\u00e1ron<\/span> Tov\u00e1bb &raquo;<\/a><\/p>\n","protected":false},"author":9,"featured_media":7236,"comment_status":"closed","ping_status":"closed","template":"","meta":{"_tribe_events_status":"","_tribe_events_status_reason":""},"tags":[],"tribe_events_cat":[14,18],"yoast_head":"<!-- This site is optimized with the Yoast SEO plugin v21.9.1 - https:\/\/yoast.com\/wordpress\/plugins\/seo\/ -->\n<title>250 \u00e9ves fels\u0151fok\u00fa orvosi oktat\u00e1s Kolozsv\u00e1ron - Kommunik\u00e1ci\u00f3 \u00e9s PR iroda<\/title>\n<meta name=\"robots\" content=\"index, follow, max-snippet:-1, max-image-preview:large, max-video-preview:-1\" \/>\n<link rel=\"canonical\" href=\"https:\/\/news.ubbcluj.ro\/hu\/event\/250-eves-felsofoku-orvosi-oktatas-kolozsvaron\/\" \/>\n<meta property=\"og:locale\" content=\"hu_HU\" \/>\n<meta property=\"og:type\" content=\"article\" \/>\n<meta property=\"og:title\" content=\"250 \u00e9ves fels\u0151fok\u00fa orvosi oktat\u00e1s Kolozsv\u00e1ron - Kommunik\u00e1ci\u00f3 \u00e9s PR iroda\" \/>\n<meta property=\"og:description\" content=\"1775. janu\u00e1r 26-\u00e1n kelt rendelet\u00e9vel M\u00e1ria Ter\u00e9zia cs\u00e1sz\u00e1rn\u0151 Orvosi Kart l\u00e9tes\u00edtett Kolozsv\u00e1rt. A BBTE a fels\u0151fok\u00fa orvosi oktat\u00e1s 250 esztendej\u00e9r\u0151l eml\u00e9kezik meg Kolozsv\u00e1ron. A nemzetk\u00f6zi konferenci\u00e1ra 2025. november 6-\u00e1n, cs\u00fct\u00f6rt\u00f6k\u00f6n ker\u00fcl sor a BBTE Aula Magna term\u00e9ben. Az el\u0151ad\u00e1sokhoz ford\u00edt\u00e1st &hellip; 250 \u00e9ves fels\u0151fok\u00fa orvosi oktat\u00e1s Kolozsv\u00e1ron Tov\u00e1bb &raquo;\" \/>\n<meta property=\"og:url\" content=\"https:\/\/news.ubbcluj.ro\/hu\/event\/250-eves-felsofoku-orvosi-oktatas-kolozsvaron\/\" \/>\n<meta property=\"og:site_name\" content=\"Kommunik\u00e1ci\u00f3 \u00e9s PR iroda\" \/>\n<meta property=\"og:image\" content=\"https:\/\/news.ubbcluj.ro\/hu\/wp-content\/uploads\/2025\/11\/2_orvosi-250_insta-post.png\" \/>\n\t<meta property=\"og:image:width\" content=\"1125\" \/>\n\t<meta property=\"og:image:height\" content=\"1406\" \/>\n\t<meta property=\"og:image:type\" content=\"image\/png\" \/>\n<meta name=\"twitter:card\" content=\"summary_large_image\" \/>\n<meta name=\"twitter:label1\" content=\"Becs\u00fclt olvas\u00e1si id\u0151\" \/>\n\t<meta name=\"twitter:data1\" content=\"5 perc\" \/>\n<script type=\"application\/ld+json\" class=\"yoast-schema-graph\">{\"@context\":\"https:\/\/schema.org\",\"@graph\":[{\"@type\":\"WebPage\",\"@id\":\"https:\/\/news.ubbcluj.ro\/hu\/event\/250-eves-felsofoku-orvosi-oktatas-kolozsvaron\/\",\"url\":\"https:\/\/news.ubbcluj.ro\/hu\/event\/250-eves-felsofoku-orvosi-oktatas-kolozsvaron\/\",\"name\":\"250 \u00e9ves fels\u0151fok\u00fa orvosi oktat\u00e1s Kolozsv\u00e1ron - Kommunik\u00e1ci\u00f3 \u00e9s PR iroda\",\"isPartOf\":{\"@id\":\"https:\/\/news.ubbcluj.ro\/hu\/#website\"},\"datePublished\":\"2025-11-04T14:49:48+00:00\",\"dateModified\":\"2025-11-04T14:49:48+00:00\",\"breadcrumb\":{\"@id\":\"https:\/\/news.ubbcluj.ro\/hu\/event\/250-eves-felsofoku-orvosi-oktatas-kolozsvaron\/#breadcrumb\"},\"inLanguage\":\"hu\",\"potentialAction\":[{\"@type\":\"ReadAction\",\"target\":[\"https:\/\/news.ubbcluj.ro\/hu\/event\/250-eves-felsofoku-orvosi-oktatas-kolozsvaron\/\"]}]},{\"@type\":\"BreadcrumbList\",\"@id\":\"https:\/\/news.ubbcluj.ro\/hu\/event\/250-eves-felsofoku-orvosi-oktatas-kolozsvaron\/#breadcrumb\",\"itemListElement\":[{\"@type\":\"ListItem\",\"position\":1,\"name\":\"Home\",\"item\":\"https:\/\/news.ubbcluj.ro\/hu\/\"},{\"@type\":\"ListItem\",\"position\":2,\"name\":\"Esem\u00e9nyek\",\"item\":\"https:\/\/news.ubbcluj.ro\/hu\/events\/\"},{\"@type\":\"ListItem\",\"position\":3,\"name\":\"250 \u00e9ves fels\u0151fok\u00fa orvosi oktat\u00e1s Kolozsv\u00e1ron\"}]},{\"@type\":\"WebSite\",\"@id\":\"https:\/\/news.ubbcluj.ro\/hu\/#website\",\"url\":\"https:\/\/news.ubbcluj.ro\/hu\/\",\"name\":\"Kommunik\u00e1ci\u00f3 \u00e9s PR iroda\",\"description\":\"Babe\u0219-Bolyai Tudom\u00e1negyetem\",\"potentialAction\":[{\"@type\":\"SearchAction\",\"target\":{\"@type\":\"EntryPoint\",\"urlTemplate\":\"https:\/\/news.ubbcluj.ro\/hu\/?s={search_term_string}\"},\"query-input\":\"required name=search_term_string\"}],\"inLanguage\":\"hu\"}]}<\/script>\n<!-- \/ Yoast SEO plugin. -->","yoast_head_json":{"title":"250 \u00e9ves fels\u0151fok\u00fa orvosi oktat\u00e1s Kolozsv\u00e1ron - Kommunik\u00e1ci\u00f3 \u00e9s PR iroda","robots":{"index":"index","follow":"follow","max-snippet":"max-snippet:-1","max-image-preview":"max-image-preview:large","max-video-preview":"max-video-preview:-1"},"canonical":"https:\/\/news.ubbcluj.ro\/hu\/event\/250-eves-felsofoku-orvosi-oktatas-kolozsvaron\/","og_locale":"hu_HU","og_type":"article","og_title":"250 \u00e9ves fels\u0151fok\u00fa orvosi oktat\u00e1s Kolozsv\u00e1ron - Kommunik\u00e1ci\u00f3 \u00e9s PR iroda","og_description":"1775. janu\u00e1r 26-\u00e1n kelt rendelet\u00e9vel M\u00e1ria Ter\u00e9zia cs\u00e1sz\u00e1rn\u0151 Orvosi Kart l\u00e9tes\u00edtett Kolozsv\u00e1rt. A BBTE a fels\u0151fok\u00fa orvosi oktat\u00e1s 250 esztendej\u00e9r\u0151l eml\u00e9kezik meg Kolozsv\u00e1ron. A nemzetk\u00f6zi konferenci\u00e1ra 2025. november 6-\u00e1n, cs\u00fct\u00f6rt\u00f6k\u00f6n ker\u00fcl sor a BBTE Aula Magna term\u00e9ben. Az el\u0151ad\u00e1sokhoz ford\u00edt\u00e1st &hellip; 250 \u00e9ves fels\u0151fok\u00fa orvosi oktat\u00e1s Kolozsv\u00e1ron Tov\u00e1bb &raquo;","og_url":"https:\/\/news.ubbcluj.ro\/hu\/event\/250-eves-felsofoku-orvosi-oktatas-kolozsvaron\/","og_site_name":"Kommunik\u00e1ci\u00f3 \u00e9s PR iroda","og_image":[{"width":1125,"height":1406,"url":"https:\/\/news.ubbcluj.ro\/hu\/wp-content\/uploads\/2025\/11\/2_orvosi-250_insta-post.png","type":"image\/png"}],"twitter_card":"summary_large_image","twitter_misc":{"Becs\u00fclt olvas\u00e1si id\u0151":"5 perc"},"schema":{"@context":"https:\/\/schema.org","@graph":[{"@type":"WebPage","@id":"https:\/\/news.ubbcluj.ro\/hu\/event\/250-eves-felsofoku-orvosi-oktatas-kolozsvaron\/","url":"https:\/\/news.ubbcluj.ro\/hu\/event\/250-eves-felsofoku-orvosi-oktatas-kolozsvaron\/","name":"250 \u00e9ves fels\u0151fok\u00fa orvosi oktat\u00e1s Kolozsv\u00e1ron - Kommunik\u00e1ci\u00f3 \u00e9s PR iroda","isPartOf":{"@id":"https:\/\/news.ubbcluj.ro\/hu\/#website"},"datePublished":"2025-11-04T14:49:48+00:00","dateModified":"2025-11-04T14:49:48+00:00","breadcrumb":{"@id":"https:\/\/news.ubbcluj.ro\/hu\/event\/250-eves-felsofoku-orvosi-oktatas-kolozsvaron\/#breadcrumb"},"inLanguage":"hu","potentialAction":[{"@type":"ReadAction","target":["https:\/\/news.ubbcluj.ro\/hu\/event\/250-eves-felsofoku-orvosi-oktatas-kolozsvaron\/"]}]},{"@type":"BreadcrumbList","@id":"https:\/\/news.ubbcluj.ro\/hu\/event\/250-eves-felsofoku-orvosi-oktatas-kolozsvaron\/#breadcrumb","itemListElement":[{"@type":"ListItem","position":1,"name":"Home","item":"https:\/\/news.ubbcluj.ro\/hu\/"},{"@type":"ListItem","position":2,"name":"Esem\u00e9nyek","item":"https:\/\/news.ubbcluj.ro\/hu\/events\/"},{"@type":"ListItem","position":3,"name":"250 \u00e9ves fels\u0151fok\u00fa orvosi oktat\u00e1s Kolozsv\u00e1ron"}]},{"@type":"WebSite","@id":"https:\/\/news.ubbcluj.ro\/hu\/#website","url":"https:\/\/news.ubbcluj.ro\/hu\/","name":"Kommunik\u00e1ci\u00f3 \u00e9s PR iroda","description":"Babe\u0219-Bolyai Tudom\u00e1negyetem","potentialAction":[{"@type":"SearchAction","target":{"@type":"EntryPoint","urlTemplate":"https:\/\/news.ubbcluj.ro\/hu\/?s={search_term_string}"},"query-input":"required name=search_term_string"}],"inLanguage":"hu"}]}},"_links":{"self":[{"href":"https:\/\/news.ubbcluj.ro\/hu\/wp-json\/wp\/v2\/tribe_events\/7234"}],"collection":[{"href":"https:\/\/news.ubbcluj.ro\/hu\/wp-json\/wp\/v2\/tribe_events"}],"about":[{"href":"https:\/\/news.ubbcluj.ro\/hu\/wp-json\/wp\/v2\/types\/tribe_events"}],"author":[{"embeddable":true,"href":"https:\/\/news.ubbcluj.ro\/hu\/wp-json\/wp\/v2\/users\/9"}],"replies":[{"embeddable":true,"href":"https:\/\/news.ubbcluj.ro\/hu\/wp-json\/wp\/v2\/comments?post=7234"}],"version-history":[{"count":2,"href":"https:\/\/news.ubbcluj.ro\/hu\/wp-json\/wp\/v2\/tribe_events\/7234\/revisions"}],"predecessor-version":[{"id":7237,"href":"https:\/\/news.ubbcluj.ro\/hu\/wp-json\/wp\/v2\/tribe_events\/7234\/revisions\/7237"}],"wp:featuredmedia":[{"embeddable":true,"href":"https:\/\/news.ubbcluj.ro\/hu\/wp-json\/wp\/v2\/media\/7236"}],"wp:attachment":[{"href":"https:\/\/news.ubbcluj.ro\/hu\/wp-json\/wp\/v2\/media?parent=7234"}],"wp:term":[{"taxonomy":"post_tag","embeddable":true,"href":"https:\/\/news.ubbcluj.ro\/hu\/wp-json\/wp\/v2\/tags?post=7234"},{"taxonomy":"tribe_events_cat","embeddable":true,"href":"https:\/\/news.ubbcluj.ro\/hu\/wp-json\/wp\/v2\/tribe_events_cat?post=7234"}],"curies":[{"name":"wp","href":"https:\/\/api.w.org\/{rel}","templated":true}]}}